{"id":13863,"date":"2024-05-16T11:43:47","date_gmt":"2024-05-16T09:43:47","guid":{"rendered":"https:\/\/balatongitar.hu\/program-2024\/"},"modified":"2024-06-28T13:00:47","modified_gmt":"2024-06-28T11:00:47","slug":"program-2024","status":"publish","type":"page","link":"https:\/\/balatongitar.hu\/en\/program-2024\/","title":{"rendered":"Program 2024"},"content":{"rendered":"<div id='full_slider_1'  class='avia-fullwidth-slider main_color avia-shadow   avia-builder-el-0  el_before_av_section  avia-builder-el-first   container_wrap fullsize'  ><div  class='avia-slideshow av-l3s6xcwt-0d444915129b0b1d8ca72fd170b477b4 avia-slideshow-no scaling av_slideshow_full avia-fade-slider av-slideshow-ui av-control-default av-slideshow-autoplay av-loop-endless av-loop-manual-endless av-default-height-applied   avia-slideshow-1' data-slideshow-options=\"{&quot;animation&quot;:&quot;fade&quot;,&quot;autoplay&quot;:true,&quot;loop_autoplay&quot;:&quot;endless&quot;,&quot;interval&quot;:4,&quot;loop_manual&quot;:&quot;manual-endless&quot;,&quot;autoplay_stopper&quot;:false,&quot;noNavigation&quot;:false,&quot;bg_slider&quot;:false,&quot;keep_padding&quot;:false,&quot;hoverpause&quot;:false,&quot;show_slide_delay&quot;:0}\"  itemprop=\"image\" itemscope=\"itemscope\" itemtype=\"https:\/\/schema.org\/ImageObject\" ><ul class='avia-slideshow-inner ' style='padding-bottom: 31.25%;'><li  class='avia-slideshow-slide av-l3s6xcwt-0d444915129b0b1d8ca72fd170b477b4__0  slide-1 slide-odd'><div data-rel='slideshow-1' class='avia-slide-wrap '   ><img decoding=\"async\" fetchpriority=\"high\" class=\"wp-image-13734 avia-img-lazy-loading-not-13734\"  src=\"https:\/\/balatongitar.hu\/wp-content\/uploads\/2024\/05\/2024_BANNER_KOPF_1920x600_HUN_.jpg\" width=\"1920\" height=\"600\" title='2024_BANNER_KOPF_1920x600_HUN_' alt=''  itemprop=\"thumbnailUrl\" srcset=\"https:\/\/balatongitar.hu\/wp-content\/uploads\/2024\/05\/2024_BANNER_KOPF_1920x600_HUN_.jpg 1920w, https:\/\/balatongitar.hu\/wp-content\/uploads\/2024\/05\/2024_BANNER_KOPF_1920x600_HUN_-600x188.jpg 600w, https:\/\/balatongitar.hu\/wp-content\/uploads\/2024\/05\/2024_BANNER_KOPF_1920x600_HUN_-300x94.jpg 300w, https:\/\/balatongitar.hu\/wp-content\/uploads\/2024\/05\/2024_BANNER_KOPF_1920x600_HUN_-1030x322.jpg 1030w, https:\/\/balatongitar.hu\/wp-content\/uploads\/2024\/05\/2024_BANNER_KOPF_1920x600_HUN_-768x240.jpg 768w, https:\/\/balatongitar.hu\/wp-content\/uploads\/2024\/05\/2024_BANNER_KOPF_1920x600_HUN_-1536x480.jpg 1536w, https:\/\/balatongitar.hu\/wp-content\/uploads\/2024\/05\/2024_BANNER_KOPF_1920x600_HUN_-1500x469.jpg 1500w, https:\/\/balatongitar.hu\/wp-content\/uploads\/2024\/05\/2024_BANNER_KOPF_1920x600_HUN_-705x220.jpg 705w, https:\/\/balatongitar.hu\/wp-content\/uploads\/2024\/05\/2024_BANNER_KOPF_1920x600_HUN_-450x141.jpg 450w\" sizes=\"(max-width: 1920px) 100vw, 1920px\" \/><\/div><\/li><li  class='avia-slideshow-slide av-l3s6xcwt-0d444915129b0b1d8ca72fd170b477b4__1  slide-2 slide-even'><div data-rel='slideshow-1' class='avia-slide-wrap '   ><img decoding=\"async\" fetchpriority=\"high\" class=\"wp-image-13736 avia-img-lazy-loading-not-13736\"  src=\"https:\/\/balatongitar.hu\/wp-content\/uploads\/2024\/05\/2024_BANNER_KOPF_1920x600_KONCERTEK_HUN.jpg\" width=\"1920\" height=\"600\" title='2024_BANNER_KOPF_1920x600_KONCERTEK_HUN' alt=''  itemprop=\"thumbnailUrl\" srcset=\"https:\/\/balatongitar.hu\/wp-content\/uploads\/2024\/05\/2024_BANNER_KOPF_1920x600_KONCERTEK_HUN.jpg 1920w, https:\/\/balatongitar.hu\/wp-content\/uploads\/2024\/05\/2024_BANNER_KOPF_1920x600_KONCERTEK_HUN-600x188.jpg 600w, https:\/\/balatongitar.hu\/wp-content\/uploads\/2024\/05\/2024_BANNER_KOPF_1920x600_KONCERTEK_HUN-300x94.jpg 300w, https:\/\/balatongitar.hu\/wp-content\/uploads\/2024\/05\/2024_BANNER_KOPF_1920x600_KONCERTEK_HUN-1030x322.jpg 1030w, https:\/\/balatongitar.hu\/wp-content\/uploads\/2024\/05\/2024_BANNER_KOPF_1920x600_KONCERTEK_HUN-768x240.jpg 768w, https:\/\/balatongitar.hu\/wp-content\/uploads\/2024\/05\/2024_BANNER_KOPF_1920x600_KONCERTEK_HUN-1536x480.jpg 1536w, https:\/\/balatongitar.hu\/wp-content\/uploads\/2024\/05\/2024_BANNER_KOPF_1920x600_KONCERTEK_HUN-1500x469.jpg 1500w, https:\/\/balatongitar.hu\/wp-content\/uploads\/2024\/05\/2024_BANNER_KOPF_1920x600_KONCERTEK_HUN-705x220.jpg 705w, https:\/\/balatongitar.hu\/wp-content\/uploads\/2024\/05\/2024_BANNER_KOPF_1920x600_KONCERTEK_HUN-450x141.jpg 450w\" sizes=\"(max-width: 1920px) 100vw, 1920px\" \/><\/div><\/li><li  class='avia-slideshow-slide av-l3s6xcwt-0d444915129b0b1d8ca72fd170b477b4__2  slide-3 slide-odd'><div data-rel='slideshow-1' class='avia-slide-wrap '   ><img decoding=\"async\" fetchpriority=\"high\" class=\"wp-image-13738 avia-img-lazy-loading-not-13738\"  src=\"https:\/\/balatongitar.hu\/wp-content\/uploads\/2024\/05\/2024_BANNER_KOPF_1920x600_KONCERTEK_HUN2.jpg\" width=\"1920\" height=\"600\" title='2024_BANNER_KOPF_1920x600_KONCERTEK_HUN2' alt=''  itemprop=\"thumbnailUrl\" srcset=\"https:\/\/balatongitar.hu\/wp-content\/uploads\/2024\/05\/2024_BANNER_KOPF_1920x600_KONCERTEK_HUN2.jpg 1920w, https:\/\/balatongitar.hu\/wp-content\/uploads\/2024\/05\/2024_BANNER_KOPF_1920x600_KONCERTEK_HUN2-600x188.jpg 600w, https:\/\/balatongitar.hu\/wp-content\/uploads\/2024\/05\/2024_BANNER_KOPF_1920x600_KONCERTEK_HUN2-300x94.jpg 300w, https:\/\/balatongitar.hu\/wp-content\/uploads\/2024\/05\/2024_BANNER_KOPF_1920x600_KONCERTEK_HUN2-1030x322.jpg 1030w, https:\/\/balatongitar.hu\/wp-content\/uploads\/2024\/05\/2024_BANNER_KOPF_1920x600_KONCERTEK_HUN2-768x240.jpg 768w, https:\/\/balatongitar.hu\/wp-content\/uploads\/2024\/05\/2024_BANNER_KOPF_1920x600_KONCERTEK_HUN2-1536x480.jpg 1536w, https:\/\/balatongitar.hu\/wp-content\/uploads\/2024\/05\/2024_BANNER_KOPF_1920x600_KONCERTEK_HUN2-1500x469.jpg 1500w, https:\/\/balatongitar.hu\/wp-content\/uploads\/2024\/05\/2024_BANNER_KOPF_1920x600_KONCERTEK_HUN2-705x220.jpg 705w, https:\/\/balatongitar.hu\/wp-content\/uploads\/2024\/05\/2024_BANNER_KOPF_1920x600_KONCERTEK_HUN2-450x141.jpg 450w\" sizes=\"(max-width: 1920px) 100vw, 1920px\" \/><\/div><\/li><li  class='avia-slideshow-slide av-l3s6xcwt-0d444915129b0b1d8ca72fd170b477b4__3  slide-4 slide-even'><div data-rel='slideshow-1' class='avia-slide-wrap '   ><img decoding=\"async\" fetchpriority=\"high\" class=\"wp-image-13740 avia-img-lazy-loading-not-13740\"  src=\"https:\/\/balatongitar.hu\/wp-content\/uploads\/2024\/05\/2024_BANNER_KOPF_1920x600_KONCERTEK_HUN3.jpg\" width=\"1920\" height=\"600\" title='2024_BANNER_KOPF_1920x600_KONCERTEK_HUN3' alt=''  itemprop=\"thumbnailUrl\" srcset=\"https:\/\/balatongitar.hu\/wp-content\/uploads\/2024\/05\/2024_BANNER_KOPF_1920x600_KONCERTEK_HUN3.jpg 1920w, https:\/\/balatongitar.hu\/wp-content\/uploads\/2024\/05\/2024_BANNER_KOPF_1920x600_KONCERTEK_HUN3-600x188.jpg 600w, https:\/\/balatongitar.hu\/wp-content\/uploads\/2024\/05\/2024_BANNER_KOPF_1920x600_KONCERTEK_HUN3-300x94.jpg 300w, https:\/\/balatongitar.hu\/wp-content\/uploads\/2024\/05\/2024_BANNER_KOPF_1920x600_KONCERTEK_HUN3-1030x322.jpg 1030w, https:\/\/balatongitar.hu\/wp-content\/uploads\/2024\/05\/2024_BANNER_KOPF_1920x600_KONCERTEK_HUN3-768x240.jpg 768w, https:\/\/balatongitar.hu\/wp-content\/uploads\/2024\/05\/2024_BANNER_KOPF_1920x600_KONCERTEK_HUN3-1536x480.jpg 1536w, https:\/\/balatongitar.hu\/wp-content\/uploads\/2024\/05\/2024_BANNER_KOPF_1920x600_KONCERTEK_HUN3-1500x469.jpg 1500w, https:\/\/balatongitar.hu\/wp-content\/uploads\/2024\/05\/2024_BANNER_KOPF_1920x600_KONCERTEK_HUN3-705x220.jpg 705w, https:\/\/balatongitar.hu\/wp-content\/uploads\/2024\/05\/2024_BANNER_KOPF_1920x600_KONCERTEK_HUN3-450x141.jpg 450w\" sizes=\"(max-width: 1920px) 100vw, 1920px\" \/><\/div><\/li><li  class='avia-slideshow-slide av-l3s6xcwt-0d444915129b0b1d8ca72fd170b477b4__4  slide-5 slide-odd'><div data-rel='slideshow-1' class='avia-slide-wrap '   ><img decoding=\"async\" fetchpriority=\"high\" class=\"wp-image-13742 avia-img-lazy-loading-not-13742\"  src=\"https:\/\/balatongitar.hu\/wp-content\/uploads\/2024\/05\/2024_BANNER_KOPF_1920x600_KONCERTEK_HUN4.jpg\" width=\"1920\" height=\"600\" title='2024_BANNER_KOPF_1920x600_KONCERTEK_HUN4' alt=''  itemprop=\"thumbnailUrl\" srcset=\"https:\/\/balatongitar.hu\/wp-content\/uploads\/2024\/05\/2024_BANNER_KOPF_1920x600_KONCERTEK_HUN4.jpg 1920w, https:\/\/balatongitar.hu\/wp-content\/uploads\/2024\/05\/2024_BANNER_KOPF_1920x600_KONCERTEK_HUN4-600x188.jpg 600w, https:\/\/balatongitar.hu\/wp-content\/uploads\/2024\/05\/2024_BANNER_KOPF_1920x600_KONCERTEK_HUN4-300x94.jpg 300w, https:\/\/balatongitar.hu\/wp-content\/uploads\/2024\/05\/2024_BANNER_KOPF_1920x600_KONCERTEK_HUN4-1030x322.jpg 1030w, https:\/\/balatongitar.hu\/wp-content\/uploads\/2024\/05\/2024_BANNER_KOPF_1920x600_KONCERTEK_HUN4-768x240.jpg 768w, https:\/\/balatongitar.hu\/wp-content\/uploads\/2024\/05\/2024_BANNER_KOPF_1920x600_KONCERTEK_HUN4-1536x480.jpg 1536w, https:\/\/balatongitar.hu\/wp-content\/uploads\/2024\/05\/2024_BANNER_KOPF_1920x600_KONCERTEK_HUN4-1500x469.jpg 1500w, https:\/\/balatongitar.hu\/wp-content\/uploads\/2024\/05\/2024_BANNER_KOPF_1920x600_KONCERTEK_HUN4-705x220.jpg 705w, https:\/\/balatongitar.hu\/wp-content\/uploads\/2024\/05\/2024_BANNER_KOPF_1920x600_KONCERTEK_HUN4-450x141.jpg 450w\" sizes=\"(max-width: 1920px) 100vw, 1920px\" \/><\/div><\/li><\/ul><div class='avia-slideshow-arrows avia-slideshow-controls' ><a href='#prev' class='prev-slide  avia-svg-icon avia-font-svg_entypo-fontello' data-av_svg_icon='left-open-big' data-av_iconset='svg_entypo-fontello' tabindex='-1' title=\"Previous\"><svg version=\"1.1\" xmlns=\"http:\/\/www.w3.org\/2000\/svg\" width=\"15\" height=\"32\" viewBox=\"0 0 15 32\" preserveAspectRatio=\"xMidYMid meet\" aria-labelledby='av-svg-title-1' aria-describedby='av-svg-desc-1' role=\"graphics-symbol\" aria-hidden=\"true\">\n<title id='av-svg-title-1'>Previous<\/title>\n<desc id='av-svg-desc-1'>Previous<\/desc>\n<path d=\"M14.464 27.84q0.832 0.832 0 1.536-0.832 0.832-1.536 0l-12.544-12.608q-0.768-0.768 0-1.6l12.544-12.608q0.704-0.832 1.536 0 0.832 0.704 0 1.536l-11.456 11.904z\"><\/path>\n<\/svg><span class='avia_hidden_link_text'>Previous<\/span><\/a><a href='#next' class='next-slide  avia-svg-icon avia-font-svg_entypo-fontello' data-av_svg_icon='right-open-big' data-av_iconset='svg_entypo-fontello' tabindex='-1' title=\"Next\"><svg version=\"1.1\" xmlns=\"http:\/\/www.w3.org\/2000\/svg\" width=\"15\" height=\"32\" viewBox=\"0 0 15 32\" preserveAspectRatio=\"xMidYMid meet\" aria-labelledby='av-svg-title-2' aria-describedby='av-svg-desc-2' role=\"graphics-symbol\" aria-hidden=\"true\">\n<title id='av-svg-title-2'>Next<\/title>\n<desc id='av-svg-desc-2'>Next<\/desc>\n<path d=\"M0.416 27.84l11.456-11.84-11.456-11.904q-0.832-0.832 0-1.536 0.832-0.832 1.536 0l12.544 12.608q0.768 0.832 0 1.6l-12.544 12.608q-0.704 0.832-1.536 0-0.832-0.704 0-1.536z\"><\/path>\n<\/svg><span class='avia_hidden_link_text'>Next<\/span><\/a><\/div><div class='avia-slideshow-dots avia-slideshow-controls'><a href='#1' class='goto-slide active' >1<\/a><a href='#2' class='goto-slide ' >2<\/a><a href='#3' class='goto-slide ' >3<\/a><a href='#4' class='goto-slide ' >4<\/a><a href='#5' class='goto-slide ' >5<\/a><\/div><\/div><\/div>\n<div id='av_section_1'  class='avia-section av-27bjeyp-d0913a49f252d2d460e524556f01d8a3 main_color avia-section-default avia-no-border-styling  avia-builder-el-1  el_after_av_slideshow_full  el_before_av_section  avia-bg-style-scroll container_wrap fullsize'  ><div class='container av-section-cont-open' ><div class='template-page content  av-content-full alpha units'><div class='post-entry post-entry-type-page post-entry-13863'><div class='entry-content-wrapper clearfix'>\n\n<style type=\"text\/css\" data-created_by=\"avia_inline_auto\" id=\"style-css-av-24mtjqp-e605074b81153124d5516f19ff297b8a\">\n#top .flex_column.av-24mtjqp-e605074b81153124d5516f19ff297b8a{\nmargin-top:0px;\nmargin-bottom:0px;\n}\n.flex_column.av-24mtjqp-e605074b81153124d5516f19ff297b8a{\nborder-radius:0px 0px 0px 0px;\npadding:0px 0px 0px 0px;\n}\n.responsive #top #wrap_all .flex_column.av-24mtjqp-e605074b81153124d5516f19ff297b8a{\nmargin-top:0px;\nmargin-bottom:0px;\n}\n<\/style>\n<div  class='flex_column av-24mtjqp-e605074b81153124d5516f19ff297b8a av_one_full  avia-builder-el-2  avia-builder-el-no-sibling  first flex_column_div av-zero-column-padding  '     ><style type=\"text\/css\" data-created_by=\"avia_inline_auto\" id=\"style-css-av-23joapt-2608ae886c1070531db4ba2a8d4659b0\">\n#top .av-special-heading.av-23joapt-2608ae886c1070531db4ba2a8d4659b0{\npadding-bottom:0;\ncolor:#911a7f;\n}\nbody .av-special-heading.av-23joapt-2608ae886c1070531db4ba2a8d4659b0 .av-special-heading-tag .heading-char{\nfont-size:25px;\n}\n.av-special-heading.av-23joapt-2608ae886c1070531db4ba2a8d4659b0 .special-heading-inner-border{\nborder-color:#911a7f;\n}\n.av-special-heading.av-23joapt-2608ae886c1070531db4ba2a8d4659b0 .av-subheading{\nfont-size:26px;\n}\n<\/style>\n<div  class='av-special-heading av-23joapt-2608ae886c1070531db4ba2a8d4659b0 av-special-heading-h1 custom-color-heading blockquote modern-quote  avia-builder-el-3  avia-builder-el-no-sibling '><h1 class='av-special-heading-tag '  itemprop=\"headline\"  >18th INTERNATIONAL GUITAR FESTIVAL BALATONF\u00dcRED 26-29 June 2024.<\/h1><div class='av_custom_color av-subheading av-subheading_below'><p>PROGRAM<\/p>\n<\/div><div class=\"special-heading-border\"><div class=\"special-heading-inner-border\"><\/div><\/div><\/div><\/div>\n\n<\/div><\/div><\/div><!-- close content main div --><\/div><\/div><div id='av_section_2'  class='avia-section av-216giwh-3252fa865aeb4855b303bf7062a25b55 main_color avia-section-small avia-no-border-styling  avia-builder-el-4  el_after_av_section  el_before_av_section  avia-bg-style-scroll container_wrap fullsize'  ><div class='container av-section-cont-open' ><div class='template-page content  av-content-full alpha units'><div class='post-entry post-entry-type-page post-entry-13863'><div class='entry-content-wrapper clearfix'>\n\n<style type=\"text\/css\" data-created_by=\"avia_inline_auto\" id=\"style-css-av-1zv8ump-e44ef647fab1a17b6fd958270ff77688\">\n#top .flex_column.av-1zv8ump-e44ef647fab1a17b6fd958270ff77688{\nmargin-top:0px;\nmargin-bottom:0px;\n}\n.flex_column.av-1zv8ump-e44ef647fab1a17b6fd958270ff77688{\nborder-radius:0px 0px 0px 0px;\npadding:0px 0px 0px 0px;\n}\n.responsive #top #wrap_all .flex_column.av-1zv8ump-e44ef647fab1a17b6fd958270ff77688{\nmargin-top:0px;\nmargin-bottom:0px;\n}\n<\/style>\n<div  class='flex_column av-1zv8ump-e44ef647fab1a17b6fd958270ff77688 av_one_full  avia-builder-el-5  el_before_av_one_fourth  avia-builder-el-first  first flex_column_div av-zero-column-padding  '     ><style type=\"text\/css\" data-created_by=\"avia_inline_auto\" id=\"style-css-av-1yeo275-6a9857e316c389a655f6fb16bcfb4008\">\n#top .av-special-heading.av-1yeo275-6a9857e316c389a655f6fb16bcfb4008{\npadding-bottom:10px;\n}\nbody .av-special-heading.av-1yeo275-6a9857e316c389a655f6fb16bcfb4008 .av-special-heading-tag .heading-char{\nfont-size:25px;\n}\n.av-special-heading.av-1yeo275-6a9857e316c389a655f6fb16bcfb4008 .av-subheading{\nfont-size:15px;\n}\n<\/style>\n<div  class='av-special-heading av-1yeo275-6a9857e316c389a655f6fb16bcfb4008 av-special-heading-h3  avia-builder-el-6  avia-builder-el-no-sibling '><h3 class='av-special-heading-tag '  itemprop=\"headline\"  >Wednesday 26 June 2024<\/h3><div class=\"special-heading-border\"><div class=\"special-heading-inner-border\"><\/div><\/div><\/div><\/div>\n<style type=\"text\/css\" data-created_by=\"avia_inline_auto\" id=\"style-css-av-2zngc5-d7a5f3c11935a7d4cec3f873424e4985\">\n#top .flex_column.av-2zngc5-d7a5f3c11935a7d4cec3f873424e4985{\nmargin-top:0px;\nmargin-bottom:0px;\n}\n.flex_column.av-2zngc5-d7a5f3c11935a7d4cec3f873424e4985{\nborder-radius:0px 0px 0px 0px;\npadding:0px 0px 0px 0px;\n}\n.responsive #top #wrap_all .flex_column.av-2zngc5-d7a5f3c11935a7d4cec3f873424e4985{\nmargin-top:0px;\nmargin-bottom:0px;\n}\n<\/style>\n<div  class='flex_column av-2zngc5-d7a5f3c11935a7d4cec3f873424e4985 av_one_fourth  avia-builder-el-7  el_after_av_one_full  el_before_av_three_fourth  first flex_column_div av-zero-column-padding  column-top-margin'     ><style type=\"text\/css\" data-created_by=\"avia_inline_auto\" id=\"style-css-av-li4bvkvj-146d98fc1a07db70a6b136179413ef16\">\n.avia-image-container.av-li4bvkvj-146d98fc1a07db70a6b136179413ef16 img.avia_image{\nbox-shadow:none;\n}\n.avia-image-container.av-li4bvkvj-146d98fc1a07db70a6b136179413ef16 .av-image-caption-overlay-center{\ncolor:#ffffff;\n}\n<\/style>\n<div  class='avia-image-container av-li4bvkvj-146d98fc1a07db70a6b136179413ef16 av-styling- avia-align-center  avia-builder-el-8  avia-builder-el-no-sibling '   itemprop=\"image\" itemscope=\"itemscope\" itemtype=\"https:\/\/schema.org\/ImageObject\" ><div class=\"avia-image-container-inner\"><div class=\"avia-image-overlay-wrap\"><img decoding=\"async\" fetchpriority=\"high\" class='wp-image-13744 avia-img-lazy-loading-not-13744 avia_image ' src=\"https:\/\/balatongitar.hu\/wp-content\/uploads\/2024\/05\/2024_FOTOK_KONCERTEK_-215x300.jpg\" alt='' title='2024_FOTOK_KONCERTEK_'  height=\"300\" width=\"215\"  itemprop=\"thumbnailUrl\" srcset=\"https:\/\/balatongitar.hu\/wp-content\/uploads\/2024\/05\/2024_FOTOK_KONCERTEK_-215x300.jpg 215w, https:\/\/balatongitar.hu\/wp-content\/uploads\/2024\/05\/2024_FOTOK_KONCERTEK_-600x837.jpg 600w, https:\/\/balatongitar.hu\/wp-content\/uploads\/2024\/05\/2024_FOTOK_KONCERTEK_-738x1030.jpg 738w, https:\/\/balatongitar.hu\/wp-content\/uploads\/2024\/05\/2024_FOTOK_KONCERTEK_-768x1071.jpg 768w, https:\/\/balatongitar.hu\/wp-content\/uploads\/2024\/05\/2024_FOTOK_KONCERTEK_-1101x1536.jpg 1101w, https:\/\/balatongitar.hu\/wp-content\/uploads\/2024\/05\/2024_FOTOK_KONCERTEK_-1075x1500.jpg 1075w, https:\/\/balatongitar.hu\/wp-content\/uploads\/2024\/05\/2024_FOTOK_KONCERTEK_-505x705.jpg 505w, https:\/\/balatongitar.hu\/wp-content\/uploads\/2024\/05\/2024_FOTOK_KONCERTEK_-450x628.jpg 450w, https:\/\/balatongitar.hu\/wp-content\/uploads\/2024\/05\/2024_FOTOK_KONCERTEK_.jpg 1147w\" sizes=\"(max-width: 215px) 100vw, 215px\" \/><\/div><\/div><\/div><\/div>\n<style type=\"text\/css\" data-created_by=\"avia_inline_auto\" id=\"style-css-av-1swm03l-89a0c7996597fdc40d5fe0b8798ed197\">\n#top .flex_column.av-1swm03l-89a0c7996597fdc40d5fe0b8798ed197{\nmargin-top:0px;\nmargin-bottom:0px;\n}\n.flex_column.av-1swm03l-89a0c7996597fdc40d5fe0b8798ed197{\nborder-radius:0px 0px 0px 0px;\npadding:0px 0px 0px 0px;\n}\n.responsive #top #wrap_all .flex_column.av-1swm03l-89a0c7996597fdc40d5fe0b8798ed197{\nmargin-top:0px;\nmargin-bottom:0px;\n}\n<\/style>\n<div  class='flex_column av-1swm03l-89a0c7996597fdc40d5fe0b8798ed197 av_three_fourth  avia-builder-el-9  el_after_av_one_fourth  avia-builder-el-last  flex_column_div av-zero-column-padding  column-top-margin'     ><p>\n<style type=\"text\/css\" data-created_by=\"avia_inline_auto\" id=\"style-css-av-1sb5r69-d33f078826428042b8a306019e3515fa\">\n#top .av_textblock_section.av-1sb5r69-d33f078826428042b8a306019e3515fa .avia_textblock{\nfont-size:18px;\ncolor:#000000;\n}\n<\/style>\n<section  class='av_textblock_section av-1sb5r69-d33f078826428042b8a306019e3515fa '   itemscope=\"itemscope\" itemtype=\"https:\/\/schema.org\/CreativeWork\" ><div class='avia_textblock av_inherit_color'  itemprop=\"text\" ><p><strong>7:30 PM<\/strong> OPENING CONCERT<\/p>\n<\/div><\/section><br \/>\n<div  class='togglecontainer av-1q7gpbl-bf741ca0954d07754054804167651dc9  avia-builder-el-11  el_after_av_textblock  el_before_av_hr  toggle_close_all' >\n<section class='av_toggle_section av-1oyyc4x-3b2d9bc62324363ec3d7df82d3a96571'  itemscope=\"itemscope\" itemtype=\"https:\/\/schema.org\/CreativeWork\" ><div role=\"tablist\" class=\"single_toggle\" data-tags=\"{All} \"  ><p id='toggle-edoardo' data-fake-id='#edoardo' class='toggler  av-title-above '  itemprop=\"headline\"  role='tab' tabindex='0' aria-controls='edoardo' data-slide-speed=\"200\" data-title=\"ANDRZEJ GRYGIER (Poland)&lt;br&gt;guitarist\" data-title-open=\"\" data-aria_collapsed=\"Click to expand: ANDRZEJ GRYGIER (Poland)&lt;br&gt;guitarist\" data-aria_expanded=\"Click to collapse: ANDRZEJ GRYGIER (Poland)&lt;br&gt;guitarist\">ANDRZEJ GRYGIER (Poland)&lt;br&gt;guitarist<span class=\"toggle_icon\"><span class=\"vert_icon\"><\/span><span class=\"hor_icon\"><\/span><\/span><\/p><div id='edoardo' aria-labelledby='toggle-edoardo' role='region' class='toggle_wrap  av-title-above'  ><div class='toggle_content invers-color '  itemprop=\"text\" ><p><img loading=\"lazy\" decoding=\"async\" class=\"aligncenter wp-image-13745 size-portfolio\" src=\"https:\/\/balatongitar.hu\/wp-content\/uploads\/2024\/05\/Andrzej-Grygier-fotEwelinaPigula-print_color_2-495x400.jpg\" alt=\"\" width=\"495\" height=\"400\" srcset=\"https:\/\/balatongitar.hu\/wp-content\/uploads\/2024\/05\/Andrzej-Grygier-fotEwelinaPigula-print_color_2-495x400.jpg 495w, https:\/\/balatongitar.hu\/wp-content\/uploads\/2024\/05\/Andrzej-Grygier-fotEwelinaPigula-print_color_2-845x684.jpg 845w\" sizes=\"auto, (max-width: 495px) 100vw, 495px\" \/><\/p>\n\n\t\t<style type=\"text\/css\">\n\t\t\t#gallery-1 {\n\t\t\t\tmargin: auto;\n\t\t\t}\n\t\t\t#gallery-1 .gallery-item {\n\t\t\t\tfloat: left;\n\t\t\t\tmargin-top: 10px;\n\t\t\t\ttext-align: center;\n\t\t\t\twidth: 50%;\n\t\t\t}\n\t\t\t#gallery-1 img {\n\t\t\t\tborder: 2px solid #cfcfcf;\n\t\t\t}\n\t\t\t#gallery-1 .gallery-caption {\n\t\t\t\tmargin-left: 0;\n\t\t\t}\n\t\t\t\/* see gallery_shortcode() in wp-includes\/media.php *\/\n\t\t<\/style>\n\t\t<div id='gallery-1' class='gallery galleryid-13863 gallery-columns-2 gallery-size-medium'><dl class='gallery-item'>\n\t\t\t<dt class='gallery-icon portrait'>\n\t\t\t\t<a href='https:\/\/balatongitar.hu\/en\/program-2024\/fot-ewelina-pigulaandrzej-grygier-2-2\/'><img loading=\"lazy\" decoding=\"async\" width=\"200\" height=\"300\" src=\"https:\/\/balatongitar.hu\/wp-content\/uploads\/2024\/05\/Andrzej-Grygier-fotEwelinaPigula-print_color_18-200x300.jpg\" class=\"attachment-medium size-medium\" alt=\"\" aria-describedby=\"gallery-1-13748\" srcset=\"https:\/\/balatongitar.hu\/wp-content\/uploads\/2024\/05\/Andrzej-Grygier-fotEwelinaPigula-print_color_18-200x300.jpg 200w, https:\/\/balatongitar.hu\/wp-content\/uploads\/2024\/05\/Andrzej-Grygier-fotEwelinaPigula-print_color_18-600x900.jpg 600w, https:\/\/balatongitar.hu\/wp-content\/uploads\/2024\/05\/Andrzej-Grygier-fotEwelinaPigula-print_color_18-687x1030.jpg 687w, https:\/\/balatongitar.hu\/wp-content\/uploads\/2024\/05\/Andrzej-Grygier-fotEwelinaPigula-print_color_18-768x1152.jpg 768w, https:\/\/balatongitar.hu\/wp-content\/uploads\/2024\/05\/Andrzej-Grygier-fotEwelinaPigula-print_color_18-1024x1536.jpg 1024w, https:\/\/balatongitar.hu\/wp-content\/uploads\/2024\/05\/Andrzej-Grygier-fotEwelinaPigula-print_color_18-1000x1500.jpg 1000w, https:\/\/balatongitar.hu\/wp-content\/uploads\/2024\/05\/Andrzej-Grygier-fotEwelinaPigula-print_color_18-470x705.jpg 470w, https:\/\/balatongitar.hu\/wp-content\/uploads\/2024\/05\/Andrzej-Grygier-fotEwelinaPigula-print_color_18-450x675.jpg 450w, https:\/\/balatongitar.hu\/wp-content\/uploads\/2024\/05\/Andrzej-Grygier-fotEwelinaPigula-print_color_18.jpg 1280w\" sizes=\"auto, (max-width: 200px) 100vw, 200px\" \/><\/a>\n\t\t\t<\/dt>\n\t\t\t\t<dd class='wp-caption-text gallery-caption' id='gallery-1-13748'>\n\t\t\t\tFot Ewelina Pigula\rAndrzej Grygier\n\t\t\t\t<\/dd><\/dl><dl class='gallery-item'>\n\t\t\t<dt class='gallery-icon portrait'>\n\t\t\t\t<a href='https:\/\/balatongitar.hu\/en\/program-2024\/fot-ewelina-pigulaandrzej-grygier-3-2\/'><img loading=\"lazy\" decoding=\"async\" width=\"200\" height=\"300\" src=\"https:\/\/balatongitar.hu\/wp-content\/uploads\/2024\/05\/Andrzej-Grygier-fotEwelinaPigula-print_color_6-200x300.jpg\" class=\"attachment-medium size-medium\" alt=\"\" aria-describedby=\"gallery-1-13750\" srcset=\"https:\/\/balatongitar.hu\/wp-content\/uploads\/2024\/05\/Andrzej-Grygier-fotEwelinaPigula-print_color_6-200x300.jpg 200w, https:\/\/balatongitar.hu\/wp-content\/uploads\/2024\/05\/Andrzej-Grygier-fotEwelinaPigula-print_color_6-600x900.jpg 600w, https:\/\/balatongitar.hu\/wp-content\/uploads\/2024\/05\/Andrzej-Grygier-fotEwelinaPigula-print_color_6-687x1030.jpg 687w, https:\/\/balatongitar.hu\/wp-content\/uploads\/2024\/05\/Andrzej-Grygier-fotEwelinaPigula-print_color_6-768x1152.jpg 768w, https:\/\/balatongitar.hu\/wp-content\/uploads\/2024\/05\/Andrzej-Grygier-fotEwelinaPigula-print_color_6-1024x1536.jpg 1024w, https:\/\/balatongitar.hu\/wp-content\/uploads\/2024\/05\/Andrzej-Grygier-fotEwelinaPigula-print_color_6-1000x1500.jpg 1000w, https:\/\/balatongitar.hu\/wp-content\/uploads\/2024\/05\/Andrzej-Grygier-fotEwelinaPigula-print_color_6-470x705.jpg 470w, https:\/\/balatongitar.hu\/wp-content\/uploads\/2024\/05\/Andrzej-Grygier-fotEwelinaPigula-print_color_6-450x675.jpg 450w, https:\/\/balatongitar.hu\/wp-content\/uploads\/2024\/05\/Andrzej-Grygier-fotEwelinaPigula-print_color_6.jpg 1280w\" sizes=\"auto, (max-width: 200px) 100vw, 200px\" \/><\/a>\n\t\t\t<\/dt>\n\t\t\t\t<dd class='wp-caption-text gallery-caption' id='gallery-1-13750'>\n\t\t\t\tFot Ewelina Pigula\rAndrzej Grygier\n\t\t\t\t<\/dd><\/dl><br style=\"clear: both\" \/>\n\t\t<\/div>\n\n<p>ANDRZEJ GRYGIER<\/p>\n<p>Since 2017 he has been a student of the Academy of Music in Poznan where he joined the class of Lukasz Kuropaczewski. He graduated with honors from Poznan Academy of music in 2022. In the academic year 2020\/2021 he was a student at KUG Graz (Austria) and in 2019\/2022 and 2020\/2022 at the SGA in Pordenone in the class of Paolo Pegoraro. He is currently a student at the jazz department &#8211; jazz guitar and a Phd student at the Doctoral School of the Academy of Music in Pozna\u0144 specializing in classical guitar.<\/p>\n<p>The greatest achievement of Andrzej is winning the Baltimore Guitar Competition. One of his greatest achievements also include prizes at international competitions organized in Gorizia (Italy), Szczecin, Krynica Zdr\u00f3j(Poland), Olsztyn (Poland), Velbert (Germany), Tallinn (Estonia), Weimar (Germany), Vienna (Austria), Stuttgart (Germany), \u017bory (Poland) or Brno (the Czech Republic), Klagenfurt (Austria), Kutna Hora (the Czech Republic), Budapest (Hungary), Tychy (Poland).<\/p>\n<p>He participated in master classes given by : \u0141. Kuropaczewski, M. Barrueco, H.K\u00e4ppel, M. Dylla, P. Romero, Z. Duki\u0107, A. Desiderio, C.Marchione J.Perroy, P. Pegoraro, P. Zaleski, M. Tamayo and many others.<br \/>\nHe has been awarded a scholarship by the President of the City of Leszno, the Polish Children\u2019s Found, the Vividus Association in Pozna\u0144 and Polonia Poznan Lions Club.<br \/>\nFor his outstanding artistic achievements he was also awarded a Ministry of Culture and National Heritage scholarship for the years 2011-2016 and the \u201cYoung Poland\u201d Scholarship for the year 2013.<\/p>\n<p>As a soloist he performed with orchestras conducted by: Ilya Gajsin, Georg K\u00f6hler, Nicolas Milton, Roberto Zarpellon, Marek Mo\u015b, Mi\u0142osz Kula, Anna Su\u0142kowska-Migo\u0144. He has given concerts in countries including Poland, Germany,Austria, Russia, Slovakia, France, Belgium, Italy, Croatia and USA<br \/>\nIn 2022 he was recognised by &#8220;The Acoustic Guitar&#8221; as a rising star of classical guitar.<\/p>\n<p>Andrzej is playing guitar made by SAERS Masterworks and using Knobloch strings.<\/p>\n<\/div><\/div><\/div><\/section>\n<section class='av_toggle_section av-1mzzgtt-5c345198c75b4b94f0e9a6bb0ed891a9'  itemscope=\"itemscope\" itemtype=\"https:\/\/schema.org\/CreativeWork\" ><div role=\"tablist\" class=\"single_toggle\" data-tags=\"{All} \"  ><p id='toggle-andrzej-grygier-program-2024' data-fake-id='#andrzej-grygier-program-2024' class='toggler  av-title-above '  itemprop=\"headline\"  role='tab' tabindex='0' aria-controls='andrzej-grygier-program-2024' data-slide-speed=\"200\" data-title=\"PROGRAM\" data-title-open=\"\" data-aria_collapsed=\"Click to expand: PROGRAM\" data-aria_expanded=\"Click to collapse: PROGRAM\">PROGRAM<span class=\"toggle_icon\"><span class=\"vert_icon\"><\/span><span class=\"hor_icon\"><\/span><\/span><\/p><div id='andrzej-grygier-program-2024' aria-labelledby='toggle-andrzej-grygier-program-2024' role='region' class='toggle_wrap  av-title-above'  ><div class='toggle_content invers-color '  itemprop=\"text\" ><p>BALATONF\u00dcRED INTERNATIONAL GUITAR FESTIVAL &#8211; EVENING GUITAR CONCERTS AT THE VASZARY GALLERY<\/p>\n<p><strong>ANDRZEJ GRYGIER<br \/>\n<\/strong>(Poland) guitarist<\/p>\n<p><strong>PROGRAM<\/strong><\/p>\n<p><strong>26th June, 2024 7:30 PM<\/strong><\/p>\n<p>Venue: Vaszary Gal\u00e9ria, Balatonf\u00fcred, Honv\u00e9d u. 2-4.<\/p>\n<p>On the air:<\/p>\n<p><strong>Agustin Barrios Mangore:<\/strong> La Catedral<\/p>\n<p><strong>Federico Moreno Torroba:<\/strong> Suite Castellana<\/p>\n<p><strong>Aleksander Tansman:<\/strong> Hommage a Chopin<\/p>\n<p><strong>Antonio Jose:<\/strong> Sonata para Guitarra<\/p>\n\n<\/div><\/div><\/div><\/section>\n<\/div><br \/>\n\n<style type=\"text\/css\" data-created_by=\"avia_inline_auto\" id=\"style-css-av-5d2tmc5-33702731d367b6c2fa47f033e82945fc\">\n#top .hr.hr-invisible.av-5d2tmc5-33702731d367b6c2fa47f033e82945fc{\nheight:25px;\n}\n<\/style>\n<div  class='hr av-5d2tmc5-33702731d367b6c2fa47f033e82945fc hr-invisible  avia-builder-el-12  el_after_av_toggle_container  el_before_av_textblock '><span class='hr-inner '><span class=\"hr-inner-style\"><\/span><\/span><\/div><br \/>\n<section  class='av_textblock_section av-l3s8fhvw-77f809cc25189db1c742de5fb64e99d0 '   itemscope=\"itemscope\" itemtype=\"https:\/\/schema.org\/CreativeWork\" ><div class='avia_textblock'  itemprop=\"text\" ><p><strong>INTERMISSION<\/strong><\/p>\n<\/div><\/section><br \/>\n\n<style type=\"text\/css\" data-created_by=\"avia_inline_auto\" id=\"style-css-av-1lbnttd-c1be6a938a74d706ccce4899222d9a6f\">\n#top .hr.hr-invisible.av-1lbnttd-c1be6a938a74d706ccce4899222d9a6f{\nmargin-top:0px;\nheight:1px;\n}\n<\/style>\n<div  class='hr av-1lbnttd-c1be6a938a74d706ccce4899222d9a6f hr-invisible  avia-builder-el-14  el_after_av_textblock  el_before_av_toggle_container '><span class='hr-inner '><span class=\"hr-inner-style\"><\/span><\/span><\/div><br \/>\n<div  class='togglecontainer av-li0li1dj-4d3d18fad03ed7f0a57000f12ab8f0bc  avia-builder-el-15  el_after_av_hr  el_before_av_textblock  toggle_close_all' >\n<section class='av_toggle_section av-4zqw3lh-6e0ea5926093fe14b8bcdd4039f9bebe'  itemscope=\"itemscope\" itemtype=\"https:\/\/schema.org\/CreativeWork\" ><div role=\"tablist\" class=\"single_toggle\" data-tags=\"{All} \"  ><p id='toggle-io-yamada' data-fake-id='#io-yamada' class='toggler  av-title-above '  itemprop=\"headline\"  role='tab' tabindex='0' aria-controls='io-yamada' data-slide-speed=\"200\" data-title=\"IO YAMADA (Japan)&lt;br&gt;guitarist\" data-title-open=\"\" data-aria_collapsed=\"Click to expand: IO YAMADA (Japan)&lt;br&gt;guitarist\" data-aria_expanded=\"Click to collapse: IO YAMADA (Japan)&lt;br&gt;guitarist\">IO YAMADA (Japan)&lt;br&gt;guitarist<span class=\"toggle_icon\"><span class=\"vert_icon\"><\/span><span class=\"hor_icon\"><\/span><\/span><\/p><div id='io-yamada' aria-labelledby='toggle-io-yamada' role='region' class='toggle_wrap  av-title-above'  ><div class='toggle_content invers-color '  itemprop=\"text\" ><p><img loading=\"lazy\" decoding=\"async\" class=\"aligncenter wp-image-13751 size-medium\" src=\"https:\/\/balatongitar.hu\/wp-content\/uploads\/2024\/05\/Io-Yamada-6-200x300.jpg\" alt=\"\" width=\"200\" height=\"300\" srcset=\"https:\/\/balatongitar.hu\/wp-content\/uploads\/2024\/05\/Io-Yamada-6-200x300.jpg 200w, https:\/\/balatongitar.hu\/wp-content\/uploads\/2024\/05\/Io-Yamada-6-600x899.jpg 600w, https:\/\/balatongitar.hu\/wp-content\/uploads\/2024\/05\/Io-Yamada-6-687x1030.jpg 687w, https:\/\/balatongitar.hu\/wp-content\/uploads\/2024\/05\/Io-Yamada-6-768x1151.jpg 768w, https:\/\/balatongitar.hu\/wp-content\/uploads\/2024\/05\/Io-Yamada-6-1025x1536.jpg 1025w, https:\/\/balatongitar.hu\/wp-content\/uploads\/2024\/05\/Io-Yamada-6-1001x1500.jpg 1001w, https:\/\/balatongitar.hu\/wp-content\/uploads\/2024\/05\/Io-Yamada-6-470x705.jpg 470w, https:\/\/balatongitar.hu\/wp-content\/uploads\/2024\/05\/Io-Yamada-6-450x674.jpg 450w, https:\/\/balatongitar.hu\/wp-content\/uploads\/2024\/05\/Io-Yamada-6.jpg 1281w\" sizes=\"auto, (max-width: 200px) 100vw, 200px\" \/><\/p>\n\n\t\t<style type=\"text\/css\">\n\t\t\t#gallery-2 {\n\t\t\t\tmargin: auto;\n\t\t\t}\n\t\t\t#gallery-2 .gallery-item {\n\t\t\t\tfloat: left;\n\t\t\t\tmargin-top: 10px;\n\t\t\t\ttext-align: center;\n\t\t\t\twidth: 33%;\n\t\t\t}\n\t\t\t#gallery-2 img {\n\t\t\t\tborder: 2px solid #cfcfcf;\n\t\t\t}\n\t\t\t#gallery-2 .gallery-caption {\n\t\t\t\tmargin-left: 0;\n\t\t\t}\n\t\t\t\/* see gallery_shortcode() in wp-includes\/media.php *\/\n\t\t<\/style>\n\t\t<div id='gallery-2' class='gallery galleryid-13863 gallery-columns-3 gallery-size-square'><dl class='gallery-item'>\n\t\t\t<dt class='gallery-icon portrait'>\n\t\t\t\t<a href='https:\/\/balatongitar.hu\/wp-content\/uploads\/2024\/05\/Io-Yamada-4.jpg'><img loading=\"lazy\" decoding=\"async\" width=\"180\" height=\"180\" src=\"https:\/\/balatongitar.hu\/wp-content\/uploads\/2024\/05\/Io-Yamada-4-180x180.jpg\" class=\"attachment-square size-square\" alt=\"\" srcset=\"https:\/\/balatongitar.hu\/wp-content\/uploads\/2024\/05\/Io-Yamada-4-180x180.jpg 180w, https:\/\/balatongitar.hu\/wp-content\/uploads\/2024\/05\/Io-Yamada-4-300x300.jpg 300w, https:\/\/balatongitar.hu\/wp-content\/uploads\/2024\/05\/Io-Yamada-4-100x100.jpg 100w, https:\/\/balatongitar.hu\/wp-content\/uploads\/2024\/05\/Io-Yamada-4-80x80.jpg 80w, https:\/\/balatongitar.hu\/wp-content\/uploads\/2024\/05\/Io-Yamada-4-36x36.jpg 36w, https:\/\/balatongitar.hu\/wp-content\/uploads\/2024\/05\/Io-Yamada-4-120x120.jpg 120w, https:\/\/balatongitar.hu\/wp-content\/uploads\/2024\/05\/Io-Yamada-4-450x450.jpg 450w\" sizes=\"auto, (max-width: 180px) 100vw, 180px\" \/><\/a>\n\t\t\t<\/dt><\/dl><dl class='gallery-item'>\n\t\t\t<dt class='gallery-icon portrait'>\n\t\t\t\t<a href='https:\/\/balatongitar.hu\/wp-content\/uploads\/2024\/05\/Io-Yamada-5.jpg'><img loading=\"lazy\" decoding=\"async\" width=\"180\" height=\"180\" src=\"https:\/\/balatongitar.hu\/wp-content\/uploads\/2024\/05\/Io-Yamada-5-180x180.jpg\" class=\"attachment-square size-square\" alt=\"\" srcset=\"https:\/\/balatongitar.hu\/wp-content\/uploads\/2024\/05\/Io-Yamada-5-180x180.jpg 180w, https:\/\/balatongitar.hu\/wp-content\/uploads\/2024\/05\/Io-Yamada-5-300x300.jpg 300w, https:\/\/balatongitar.hu\/wp-content\/uploads\/2024\/05\/Io-Yamada-5-100x100.jpg 100w, https:\/\/balatongitar.hu\/wp-content\/uploads\/2024\/05\/Io-Yamada-5-80x80.jpg 80w, https:\/\/balatongitar.hu\/wp-content\/uploads\/2024\/05\/Io-Yamada-5-36x36.jpg 36w, https:\/\/balatongitar.hu\/wp-content\/uploads\/2024\/05\/Io-Yamada-5-120x120.jpg 120w, https:\/\/balatongitar.hu\/wp-content\/uploads\/2024\/05\/Io-Yamada-5-450x450.jpg 450w\" sizes=\"auto, (max-width: 180px) 100vw, 180px\" \/><\/a>\n\t\t\t<\/dt><\/dl><dl class='gallery-item'>\n\t\t\t<dt class='gallery-icon portrait'>\n\t\t\t\t<a href='https:\/\/balatongitar.hu\/wp-content\/uploads\/2024\/05\/Io-Yamada-7.jpg'><img loading=\"lazy\" decoding=\"async\" width=\"180\" height=\"180\" src=\"https:\/\/balatongitar.hu\/wp-content\/uploads\/2024\/05\/Io-Yamada-7-180x180.jpg\" class=\"attachment-square size-square\" alt=\"\" srcset=\"https:\/\/balatongitar.hu\/wp-content\/uploads\/2024\/05\/Io-Yamada-7-180x180.jpg 180w, https:\/\/balatongitar.hu\/wp-content\/uploads\/2024\/05\/Io-Yamada-7-300x300.jpg 300w, https:\/\/balatongitar.hu\/wp-content\/uploads\/2024\/05\/Io-Yamada-7-100x100.jpg 100w, https:\/\/balatongitar.hu\/wp-content\/uploads\/2024\/05\/Io-Yamada-7-80x80.jpg 80w, https:\/\/balatongitar.hu\/wp-content\/uploads\/2024\/05\/Io-Yamada-7-36x36.jpg 36w, https:\/\/balatongitar.hu\/wp-content\/uploads\/2024\/05\/Io-Yamada-7-120x120.jpg 120w, https:\/\/balatongitar.hu\/wp-content\/uploads\/2024\/05\/Io-Yamada-7-450x450.jpg 450w\" sizes=\"auto, (max-width: 180px) 100vw, 180px\" \/><\/a>\n\t\t\t<\/dt><\/dl><br style=\"clear: both\" \/><dl class='gallery-item'>\n\t\t\t<dt class='gallery-icon portrait'>\n\t\t\t\t<a href='https:\/\/balatongitar.hu\/wp-content\/uploads\/2024\/05\/Io-Yamada-1.jpg'><img loading=\"lazy\" decoding=\"async\" width=\"180\" height=\"180\" src=\"https:\/\/balatongitar.hu\/wp-content\/uploads\/2024\/05\/Io-Yamada-1-180x180.jpg\" class=\"attachment-square size-square\" alt=\"\" srcset=\"https:\/\/balatongitar.hu\/wp-content\/uploads\/2024\/05\/Io-Yamada-1-180x180.jpg 180w, https:\/\/balatongitar.hu\/wp-content\/uploads\/2024\/05\/Io-Yamada-1-300x300.jpg 300w, https:\/\/balatongitar.hu\/wp-content\/uploads\/2024\/05\/Io-Yamada-1-100x100.jpg 100w, https:\/\/balatongitar.hu\/wp-content\/uploads\/2024\/05\/Io-Yamada-1-80x80.jpg 80w, https:\/\/balatongitar.hu\/wp-content\/uploads\/2024\/05\/Io-Yamada-1-36x36.jpg 36w, https:\/\/balatongitar.hu\/wp-content\/uploads\/2024\/05\/Io-Yamada-1-120x120.jpg 120w, https:\/\/balatongitar.hu\/wp-content\/uploads\/2024\/05\/Io-Yamada-1-450x450.jpg 450w\" sizes=\"auto, (max-width: 180px) 100vw, 180px\" \/><\/a>\n\t\t\t<\/dt><\/dl><dl class='gallery-item'>\n\t\t\t<dt class='gallery-icon portrait'>\n\t\t\t\t<a href='https:\/\/balatongitar.hu\/wp-content\/uploads\/2024\/05\/Io-Yamada-2.jpg'><img loading=\"lazy\" decoding=\"async\" width=\"180\" height=\"180\" src=\"https:\/\/balatongitar.hu\/wp-content\/uploads\/2024\/05\/Io-Yamada-2-180x180.jpg\" class=\"attachment-square size-square\" alt=\"\" srcset=\"https:\/\/balatongitar.hu\/wp-content\/uploads\/2024\/05\/Io-Yamada-2-180x180.jpg 180w, https:\/\/balatongitar.hu\/wp-content\/uploads\/2024\/05\/Io-Yamada-2-300x300.jpg 300w, https:\/\/balatongitar.hu\/wp-content\/uploads\/2024\/05\/Io-Yamada-2-100x100.jpg 100w, https:\/\/balatongitar.hu\/wp-content\/uploads\/2024\/05\/Io-Yamada-2-80x80.jpg 80w, https:\/\/balatongitar.hu\/wp-content\/uploads\/2024\/05\/Io-Yamada-2-36x36.jpg 36w, https:\/\/balatongitar.hu\/wp-content\/uploads\/2024\/05\/Io-Yamada-2-120x120.jpg 120w, https:\/\/balatongitar.hu\/wp-content\/uploads\/2024\/05\/Io-Yamada-2-450x450.jpg 450w\" sizes=\"auto, (max-width: 180px) 100vw, 180px\" \/><\/a>\n\t\t\t<\/dt><\/dl><dl class='gallery-item'>\n\t\t\t<dt class='gallery-icon portrait'>\n\t\t\t\t<a href='https:\/\/balatongitar.hu\/wp-content\/uploads\/2024\/05\/Io-Yamada-3.jpg'><img loading=\"lazy\" decoding=\"async\" width=\"180\" height=\"180\" src=\"https:\/\/balatongitar.hu\/wp-content\/uploads\/2024\/05\/Io-Yamada-3-180x180.jpg\" class=\"attachment-square size-square\" alt=\"\" srcset=\"https:\/\/balatongitar.hu\/wp-content\/uploads\/2024\/05\/Io-Yamada-3-180x180.jpg 180w, https:\/\/balatongitar.hu\/wp-content\/uploads\/2024\/05\/Io-Yamada-3-300x300.jpg 300w, https:\/\/balatongitar.hu\/wp-content\/uploads\/2024\/05\/Io-Yamada-3-100x100.jpg 100w, https:\/\/balatongitar.hu\/wp-content\/uploads\/2024\/05\/Io-Yamada-3-80x80.jpg 80w, https:\/\/balatongitar.hu\/wp-content\/uploads\/2024\/05\/Io-Yamada-3-36x36.jpg 36w, https:\/\/balatongitar.hu\/wp-content\/uploads\/2024\/05\/Io-Yamada-3-120x120.jpg 120w, https:\/\/balatongitar.hu\/wp-content\/uploads\/2024\/05\/Io-Yamada-3-450x450.jpg 450w\" sizes=\"auto, (max-width: 180px) 100vw, 180px\" \/><\/a>\n\t\t\t<\/dt><\/dl><br style=\"clear: both\" \/>\n\t\t<\/div>\n\n<p>IO YAMADA<\/p>\n<p><em>Io Yamada is one of the most promising talents of the new generation.<br \/>\nHis interpretations are full of vitality, expressiveness and colour.<br \/>\nListening to him is truly a joy for the soul.<br \/>\n<\/em><\/p>\n<p>&#8211; Ricardo Gall\u00e9n (Guitarist, Professor at HfM Franz Liszt Weimar)<\/p>\n<p>The exceptional musical quality of the young Japanese classical guitarist, IO YAMADA has been proven by over twenty prominent international awards, including the first prize at the first prize in the 55th Concorso di Chitarra Classica &#8220;Michele Pittaluga&#8221;, the first prize in the N\u00fcrtingen International Guitar Competition (N\u00fcrtingen, Germany) , the second prize and the special prize for the best interpretation of the obligatory piece in the Antony International Guitar Competition (Antony, France), the second prize in Iserlohn International Guitar Competition (Iserlohn, Germany), and the first prize in Premio Claudio De Angelis (Perugia, Italy).<\/p>\n<p>His Debut-CD \u201c1.0 (one)\u201c (Sylphide Records, 2018) was awarded \u201dspecial choice Disc\u201d in Record-Geijutsu Magazine. Io has given numerous recitals in prestigious venues of Europe and Japan, including Kyoto Concert Hall (Kyoto, Japan), N\u00fcrtingen Guitar Festival (Germany), and Forum Gitarre Wien (Austria). In 2018 &amp; 2024he received the scholarship from theRohm Music Foundation, which is renowned for granting the largest amount of grant in Japan. Beside his solo concerts, he has been a keen chamber musician, performing as a member of the \u201chep-poco dream Guitar Trio\u201d. The trio has been featured on the Japanese NHK radio program, \u201cRecital Nova\u201d. He has studied with Naoki Yamada (his father) , Keigo Fujii, Tsuneo Ema, Kiyoshi Shomura and Gentaro Takada in Japan. After finishing his studies in Tokyo, Io was accepted to the \u201cUniversit\u00e4t f\u00fcr Musik und darstellende Kunst Wien (MDW)\u201d where he finished his first Diplom degree with Prof. Alvaro Pierri and since 2020 he has been studying at the \u201dHochschule f\u00fcr Musik Franz Liszt Weimar\u201d. He completed his master\u2019s degree there and currently continuing his study as a student of Konzertexamen with Ricardo Gallen and Thomas M\u00fcller-Pering.<\/p>\n<p>He uses a guitar by the German luthier, Felix M\u00fcller.<\/p>\n<p>2008 1. Prize at 16. Nagoya guitar competition, (Japan, Aichi)<\/p>\n<p>2011 1. Prize at 38. Japan guitar competition, (Japan, Osaka)<\/p>\n<p>2013 1. Prize at 21. San-in guitar competition, (Japan, Shimane)<\/p>\n<p>2015 1. Prize at 33. Spain guitar Music competition (Japan, Tokyo)<\/p>\n<p>2016 1. Prize at 7. East-end International guitar competition (Japan, Tokyo)<\/p>\n<p>1. Prize at 7. J.S.Bach international guitar competition (Japan, Tokyo)<\/p>\n<p>4. Prize at 59. Tokio international guitar competition (Japan, Tokyo)<\/p>\n<p>2017 3. Prize at 29. International Competition for Early Music YAMANASHI,<br \/>\n(top of the list) (Japan, Yamanashi) (romantic guitar duo with Kyota Imoto)<\/p>\n<p>2019 3. Prize at 27. international guitar competition \u201cLigita\u201d (Liechtenstein)<\/p>\n<p>2021 1. Prize at 2021 international guitar competition N\u00fcrtingen (N\u00fcrtingen, Germany)<\/p>\n<p>2. Prize at 31. international Guitar festival \u201cForum Gitarre Wien\u201d (Vienna, \u00d6sterrich)<br \/>\n(top of the list)<\/p>\n<p>2.Prize at 2. Stuttgart international guitar competition(Stuttgart, Germany)<\/p>\n<p>3. Prize &amp; \u201eLeo Brouwer\u201c-Special prize (best interpretation of the obligatory piece.)<br \/>\nat 36. Certamen Internacional de Guitarra Cl\u00e1sica \u00abAndr\u00e9s Segovia\u00bb (La Herradura, Spain)<\/p>\n<p>2022 2. Prize &amp; Special prize (Prize for best interpretation of the obligatory piece)<br \/>\nat 22. Antony international guitar competition (Antony, France)<\/p>\n<p>2. Prize at 28th International Competition of Musical Performance for Guitar<br \/>\n\u2013 City of Mottola (Mottola, Italy)<\/p>\n<p>2. Prize at 6th Taiwan International Guitar Competition (Taiwan)<\/p>\n<p>2. Preis at 11th \u201cInternationaler MARTINEZ-Gitarrenwettbewerb 2022 Iserlohn\u201d<br \/>\n(Iserlohn, Germany)<\/p>\n<p>1. Prize at \u201c2022 Premio Claudio de Angelis\u201d (Perugia, Italy)<\/p>\n<p>2. Prize at international classical guitar competition Luxemburg (Luxemburg)<\/p>\n<p>2023 3. Prize at Koblenz international guitar competition (Germany)<\/p>\n<p><em>Vitality, expressiveness, colour: words that can describe the performance of Io Yamada, Japanese from Kyoto, who won over all the jurors at the Michele Pittaluga Competition in Alessandria.<\/em><\/p>\n<p><em>&#8220;Yamada impressed everyone from the first moment he picked up the instrument. It was immediately clear that this music was in his chords and his final performance was a real concert: sound, stage presence, confidence,&#8217; commented Micaela Pittaluga, president of the competition and member of the jury. The harmony shown by the winner with the conductor of the Orchestra Classica di Alessandria, Paolo Ferrara, was perfect, all the more so in a work where the ensemble&#8217;s dialogue with the solo instrument is fundamental, going beyond mere accompaniment.<\/em><\/p>\n<p>MUSICA: (31. Ottobre 2023) \u201cIo Yamada convince tutti al \u201cPittaluga\u201d,\u00a0 <a href=\"https:\/\/www.rivistamusica.com\/io-yamada-convince-tutti-al-pittaluga\/\" rel=\"noopener\">https:\/\/www.rivistamusica.com\/io-yamada-convince-tutti-al-pittaluga\/<\/a><\/p>\n<\/div><\/div><\/div><\/section>\n<section class='av_toggle_section av-li0lhpuu-82daf14ff2f6d5ae367bf6d9ceb98810'  itemscope=\"itemscope\" itemtype=\"https:\/\/schema.org\/CreativeWork\" ><div role=\"tablist\" class=\"single_toggle\" data-tags=\"{All} \"  ><p id='toggle-io-yamada-program-2024' data-fake-id='#io-yamada-program-2024' class='toggler  av-title-above '  itemprop=\"headline\"  role='tab' tabindex='0' aria-controls='io-yamada-program-2024' data-slide-speed=\"200\" data-title=\"PROGRAM\" data-title-open=\"\" data-aria_collapsed=\"Click to expand: PROGRAM\" data-aria_expanded=\"Click to collapse: PROGRAM\">PROGRAM<span class=\"toggle_icon\"><span class=\"vert_icon\"><\/span><span class=\"hor_icon\"><\/span><\/span><\/p><div id='io-yamada-program-2024' aria-labelledby='toggle-io-yamada-program-2024' role='region' class='toggle_wrap  av-title-above'  ><div class='toggle_content invers-color '  itemprop=\"text\" ><p>BALATONF\u00dcRED INTERNATIONAL GUITAR FESTIVAL &#8211; EVENING GUITAR CONCERTS AT THE VASZARY GALLERY<\/p>\n<p><strong>IO YAMADA<br \/>\n<\/strong>(Japan) guitarist<\/p>\n<p><strong>PROGRAM<\/strong><\/p>\n<p><strong>26th June, 2024 7:30 PM<\/strong><\/p>\n<p>Venue: Vaszary Gal\u00e9ria, Balatonf\u00fcred, Honv\u00e9d u. 2-4.<\/p>\n<p>On the air:<\/p>\n<p><strong>R. S. de la Maza:<\/strong> Albada y Paisaje from La Frontera de Dios<\/p>\n<p><strong>Manuel Maria Ponce:<\/strong> Tres Canciones Populares Mexicanas<\/p>\n<p><strong>Maurice Ohana:<\/strong> Tiento<\/p>\n<p><strong>Manuel Maria Ponce:<\/strong> Variations sur &#8220;Folia de Espa\u00f1a&#8221; et Fugue<\/p>\n<p><strong>Manuel Maria Ponce:<\/strong> Estrellita<\/p>\n\n<\/div><\/div><\/div><\/section>\n<\/div><br \/>\n<section  class='av_textblock_section av-1j8s529-62319392fed08e27ffa7990838d38ef6 '   itemscope=\"itemscope\" itemtype=\"https:\/\/schema.org\/CreativeWork\" ><div class='avia_textblock'  itemprop=\"text\" ><p><strong>Venue:<\/strong> Vaszary Gal\u00e9ria, Balatonf\u00fcred, Honv\u00e9d u. 2-4.<\/p>\n<\/div><\/section><br \/>\n<section  class='av_textblock_section av-lx236bzr-8eda5d8b66f40b11dae445ae72e52447 '   itemscope=\"itemscope\" itemtype=\"https:\/\/schema.org\/CreativeWork\" ><div class='avia_textblock'  itemprop=\"text\" ><p><strong>Book your ticket for the concert by clicking <span style=\"text-decoration: underline;\"><a href=\"https:\/\/balatongitar.hu\/en\/berlet-jegy\/tickets-for-the-andrzej-grygier-and-io-yamada-concert-on-26-june\/\">on the link!<\/a><\/span><\/strong><\/p>\n<\/div><\/section><\/p><\/div>\n\n<\/div><\/div><\/div><!-- close content main div --><\/div><\/div><div id='av_section_3'  class='avia-section av-58r1k1-6f5196f870371537d968aebd59c3568e main_color avia-section-small avia-no-border-styling  avia-builder-el-18  el_after_av_section  el_before_av_section  avia-bg-style-scroll container_wrap fullsize'  ><div class='container av-section-cont-open' ><div class='template-page content  av-content-full alpha units'><div class='post-entry post-entry-type-page post-entry-13863'><div class='entry-content-wrapper clearfix'>\n\n<style type=\"text\/css\" data-created_by=\"avia_inline_auto\" id=\"style-css-av-1eer4xt-98b0bb96e0aebf49a7a71ff9f8875e31\">\n#top .flex_column.av-1eer4xt-98b0bb96e0aebf49a7a71ff9f8875e31{\nmargin-top:0px;\nmargin-bottom:0px;\n}\n.flex_column.av-1eer4xt-98b0bb96e0aebf49a7a71ff9f8875e31{\nborder-radius:0px 0px 0px 0px;\npadding:0px 0px 0px 0px;\n}\n.responsive #top #wrap_all .flex_column.av-1eer4xt-98b0bb96e0aebf49a7a71ff9f8875e31{\nmargin-top:0px;\nmargin-bottom:0px;\n}\n<\/style>\n<div  class='flex_column av-1eer4xt-98b0bb96e0aebf49a7a71ff9f8875e31 av_one_full  avia-builder-el-19  el_before_av_hr  avia-builder-el-first  first flex_column_div av-zero-column-padding  '     ><style type=\"text\/css\" data-created_by=\"avia_inline_auto\" id=\"style-css-av-1cr4kpd-31a1ed0ecf563c75cd45c306dd42c9a6\">\n#top .av-special-heading.av-1cr4kpd-31a1ed0ecf563c75cd45c306dd42c9a6{\npadding-bottom:10px;\n}\nbody .av-special-heading.av-1cr4kpd-31a1ed0ecf563c75cd45c306dd42c9a6 .av-special-heading-tag .heading-char{\nfont-size:25px;\n}\n.av-special-heading.av-1cr4kpd-31a1ed0ecf563c75cd45c306dd42c9a6 .av-subheading{\nfont-size:15px;\n}\n<\/style>\n<div  class='av-special-heading av-1cr4kpd-31a1ed0ecf563c75cd45c306dd42c9a6 av-special-heading-h3  avia-builder-el-20  avia-builder-el-no-sibling '><h3 class='av-special-heading-tag '  itemprop=\"headline\"  >Thursday 27 June 2024<\/h3><div class=\"special-heading-border\"><div class=\"special-heading-inner-border\"><\/div><\/div><\/div><\/div>\n<style type=\"text\/css\" data-created_by=\"avia_inline_auto\" id=\"style-css-av-2g1sap-8b0b92f08f5b414faa855cb4d9291aed\">\n#top .hr.hr-invisible.av-2g1sap-8b0b92f08f5b414faa855cb4d9291aed{\nheight:25px;\n}\n<\/style>\n<div  class='hr av-2g1sap-8b0b92f08f5b414faa855cb4d9291aed hr-invisible  avia-builder-el-21  el_after_av_one_full  el_before_av_textblock '><span class='hr-inner '><span class=\"hr-inner-style\"><\/span><\/span><\/div>\n<section  class='av_textblock_section av-1zgv3l-c51bee9221afebe733140a233f7ca185 '   itemscope=\"itemscope\" itemtype=\"https:\/\/schema.org\/CreativeWork\" ><div class='avia_textblock'  itemprop=\"text\" ><p><strong>9:00 AM &#8211; 1:00 PM <\/strong>Public masterclass<strong> J\u00d3ZSEF E\u00d6TV\u00d6S<\/strong><\/p>\n<p><strong>Venue:<\/strong> Ferencsik J\u00e1nos Zeneiskola Balatonf\u00fcred, Ady Endre u. 13.<\/p>\n<\/div><\/section>\n\n<style type=\"text\/css\" data-created_by=\"avia_inline_auto\" id=\"style-css-av-4xm0tt-35cce67e87369ab35168e0f9f5d7dfa8\">\n#top .hr.hr-invisible.av-4xm0tt-35cce67e87369ab35168e0f9f5d7dfa8{\nheight:25px;\n}\n<\/style>\n<div  class='hr av-4xm0tt-35cce67e87369ab35168e0f9f5d7dfa8 hr-invisible  avia-builder-el-23  el_after_av_textblock  el_before_av_one_fourth '><span class='hr-inner '><span class=\"hr-inner-style\"><\/span><\/span><\/div>\n\n<style type=\"text\/css\" data-created_by=\"avia_inline_auto\" id=\"style-css-av-s8q7x1-df6df9e32ef7a6635e3d5d027a67cad6\">\n#top .flex_column.av-s8q7x1-df6df9e32ef7a6635e3d5d027a67cad6{\nmargin-top:0px;\nmargin-bottom:0px;\n}\n.flex_column.av-s8q7x1-df6df9e32ef7a6635e3d5d027a67cad6{\nborder-radius:0px 0px 0px 0px;\npadding:0px 0px 0px 0px;\n}\n.responsive #top #wrap_all .flex_column.av-s8q7x1-df6df9e32ef7a6635e3d5d027a67cad6{\nmargin-top:0px;\nmargin-bottom:0px;\n}\n<\/style>\n<div  class='flex_column av-s8q7x1-df6df9e32ef7a6635e3d5d027a67cad6 av_one_fourth  avia-builder-el-24  el_after_av_hr  el_before_av_three_fourth  first flex_column_div av-zero-column-padding  '     ><style type=\"text\/css\" data-created_by=\"avia_inline_auto\" id=\"style-css-av-li4bzrvu-eec809262aa16da62772d930a8bb004e\">\n.avia-image-container.av-li4bzrvu-eec809262aa16da62772d930a8bb004e img.avia_image{\nbox-shadow:none;\n}\n.avia-image-container.av-li4bzrvu-eec809262aa16da62772d930a8bb004e .av-image-caption-overlay-center{\ncolor:#ffffff;\n}\n<\/style>\n<div  class='avia-image-container av-li4bzrvu-eec809262aa16da62772d930a8bb004e av-styling- avia-align-center  avia-builder-el-25  avia-builder-el-no-sibling '   itemprop=\"image\" itemscope=\"itemscope\" itemtype=\"https:\/\/schema.org\/ImageObject\" ><div class=\"avia-image-container-inner\"><div class=\"avia-image-overlay-wrap\"><img decoding=\"async\" fetchpriority=\"high\" class='wp-image-13837 avia-img-lazy-loading-not-13837 avia_image ' src=\"https:\/\/balatongitar.hu\/wp-content\/uploads\/2024\/05\/2024_FOTOK_KONCERTEK_2-215x300.jpg\" alt='' title='2024_FOTOK_KONCERTEK_2'  height=\"300\" width=\"215\"  itemprop=\"thumbnailUrl\" srcset=\"https:\/\/balatongitar.hu\/wp-content\/uploads\/2024\/05\/2024_FOTOK_KONCERTEK_2-215x300.jpg 215w, https:\/\/balatongitar.hu\/wp-content\/uploads\/2024\/05\/2024_FOTOK_KONCERTEK_2-600x837.jpg 600w, https:\/\/balatongitar.hu\/wp-content\/uploads\/2024\/05\/2024_FOTOK_KONCERTEK_2-738x1030.jpg 738w, https:\/\/balatongitar.hu\/wp-content\/uploads\/2024\/05\/2024_FOTOK_KONCERTEK_2-768x1071.jpg 768w, https:\/\/balatongitar.hu\/wp-content\/uploads\/2024\/05\/2024_FOTOK_KONCERTEK_2-1101x1536.jpg 1101w, https:\/\/balatongitar.hu\/wp-content\/uploads\/2024\/05\/2024_FOTOK_KONCERTEK_2-1075x1500.jpg 1075w, https:\/\/balatongitar.hu\/wp-content\/uploads\/2024\/05\/2024_FOTOK_KONCERTEK_2-505x705.jpg 505w, https:\/\/balatongitar.hu\/wp-content\/uploads\/2024\/05\/2024_FOTOK_KONCERTEK_2-450x628.jpg 450w, https:\/\/balatongitar.hu\/wp-content\/uploads\/2024\/05\/2024_FOTOK_KONCERTEK_2.jpg 1147w\" sizes=\"(max-width: 215px) 100vw, 215px\" \/><\/div><\/div><\/div><\/div>\n<style type=\"text\/css\" data-created_by=\"avia_inline_auto\" id=\"style-css-av-182gwgh-4ce79e428b92f91073f9d1218a4ea3b2\">\n#top .flex_column.av-182gwgh-4ce79e428b92f91073f9d1218a4ea3b2{\nmargin-top:0px;\nmargin-bottom:0px;\n}\n.flex_column.av-182gwgh-4ce79e428b92f91073f9d1218a4ea3b2{\nborder-radius:0px 0px 0px 0px;\npadding:0px 0px 0px 0px;\n}\n.responsive #top #wrap_all .flex_column.av-182gwgh-4ce79e428b92f91073f9d1218a4ea3b2{\nmargin-top:0px;\nmargin-bottom:0px;\n}\n<\/style>\n<div  class='flex_column av-182gwgh-4ce79e428b92f91073f9d1218a4ea3b2 av_three_fourth  avia-builder-el-26  el_after_av_one_fourth  avia-builder-el-last  flex_column_div av-zero-column-padding  '     ><p>\n<style type=\"text\/css\" data-created_by=\"avia_inline_auto\" id=\"style-css-av-16g1f5d-ebe719fe863baa23d3a75f9be9c02f4a\">\n#top .av_textblock_section.av-16g1f5d-ebe719fe863baa23d3a75f9be9c02f4a .avia_textblock{\nfont-size:18px;\ncolor:#000000;\n}\n<\/style>\n<section  class='av_textblock_section av-16g1f5d-ebe719fe863baa23d3a75f9be9c02f4a '   itemscope=\"itemscope\" itemtype=\"https:\/\/schema.org\/CreativeWork\" ><div class='avia_textblock av_inherit_color'  itemprop=\"text\" ><p><strong>7:30 PM &#8211;<\/strong> CONCERT<\/p>\n<\/div><\/section><br \/>\n<div  class='togglecontainer av-l3s96ric-c765efb8f5efe862ea9629009bb54b8c  avia-builder-el-28  el_after_av_textblock  el_before_av_hr  toggle_close_all' >\n<section class='av_toggle_section av-l3s94zch-6fa81421420287af61dd8855bc5e1a92'  itemscope=\"itemscope\" itemtype=\"https:\/\/schema.org\/CreativeWork\" ><div role=\"tablist\" class=\"single_toggle\" data-tags=\"{All} \"  ><p id='toggle-pavel_steidl' data-fake-id='#pavel_steidl' class='toggler  av-title-above '  itemprop=\"headline\"  role='tab' tabindex='0' aria-controls='pavel_steidl' data-slide-speed=\"200\" data-title=\"Guitarist PAVEL STEIDL (Czech Republic)&lt;br&gt;concert\" data-title-open=\"\" data-aria_collapsed=\"Click to expand: Guitarist PAVEL STEIDL (Czech Republic)&lt;br&gt;concert\" data-aria_expanded=\"Click to collapse: Guitarist PAVEL STEIDL (Czech Republic)&lt;br&gt;concert\">Guitarist PAVEL STEIDL (Czech Republic)&lt;br&gt;concert<span class=\"toggle_icon\"><span class=\"vert_icon\"><\/span><span class=\"hor_icon\"><\/span><\/span><\/p><div id='pavel_steidl' aria-labelledby='toggle-pavel_steidl' role='region' class='toggle_wrap  av-title-above'  ><div class='toggle_content invers-color '  itemprop=\"text\" ><p><img loading=\"lazy\" decoding=\"async\" class=\"size-medium wp-image-13781 aligncenter\" src=\"https:\/\/balatongitar.hu\/wp-content\/uploads\/2024\/05\/pavel-steidl-8opt-204x300.jpg\" alt=\"\" width=\"204\" height=\"300\" srcset=\"https:\/\/balatongitar.hu\/wp-content\/uploads\/2024\/05\/pavel-steidl-8opt-204x300.jpg 204w, https:\/\/balatongitar.hu\/wp-content\/uploads\/2024\/05\/pavel-steidl-8opt-600x883.jpg 600w, https:\/\/balatongitar.hu\/wp-content\/uploads\/2024\/05\/pavel-steidl-8opt-700x1030.jpg 700w, https:\/\/balatongitar.hu\/wp-content\/uploads\/2024\/05\/pavel-steidl-8opt-768x1130.jpg 768w, https:\/\/balatongitar.hu\/wp-content\/uploads\/2024\/05\/pavel-steidl-8opt-1044x1536.jpg 1044w, https:\/\/balatongitar.hu\/wp-content\/uploads\/2024\/05\/pavel-steidl-8opt-1020x1500.jpg 1020w, https:\/\/balatongitar.hu\/wp-content\/uploads\/2024\/05\/pavel-steidl-8opt-479x705.jpg 479w, https:\/\/balatongitar.hu\/wp-content\/uploads\/2024\/05\/pavel-steidl-8opt-450x662.jpg 450w, https:\/\/balatongitar.hu\/wp-content\/uploads\/2024\/05\/pavel-steidl-8opt.jpg 1305w\" sizes=\"auto, (max-width: 204px) 100vw, 204px\" \/><\/p>\n\n\t\t<style type=\"text\/css\">\n\t\t\t#gallery-3 {\n\t\t\t\tmargin: auto;\n\t\t\t}\n\t\t\t#gallery-3 .gallery-item {\n\t\t\t\tfloat: left;\n\t\t\t\tmargin-top: 10px;\n\t\t\t\ttext-align: center;\n\t\t\t\twidth: 33%;\n\t\t\t}\n\t\t\t#gallery-3 img {\n\t\t\t\tborder: 2px solid #cfcfcf;\n\t\t\t}\n\t\t\t#gallery-3 .gallery-caption {\n\t\t\t\tmargin-left: 0;\n\t\t\t}\n\t\t\t\/* see gallery_shortcode() in wp-includes\/media.php *\/\n\t\t<\/style>\n\t\t<div id='gallery-3' class='gallery galleryid-13863 gallery-columns-3 gallery-size-thumbnail'><dl class='gallery-item'>\n\t\t\t<dt class='gallery-icon landscape'>\n\t\t\t\t<a href=\"https:\/\/balatongitar.hu\/en\/program-2024\/pavel-steidl-1-2\/\"><img loading=\"lazy\" decoding=\"async\" width=\"80\" height=\"80\" src=\"https:\/\/balatongitar.hu\/wp-content\/uploads\/2024\/05\/pavel-steidl-1-80x80.jpg\" class=\"attachment-thumbnail size-thumbnail\" alt=\"\" srcset=\"https:\/\/balatongitar.hu\/wp-content\/uploads\/2024\/05\/pavel-steidl-1-80x80.jpg 80w, https:\/\/balatongitar.hu\/wp-content\/uploads\/2024\/05\/pavel-steidl-1-300x300.jpg 300w, https:\/\/balatongitar.hu\/wp-content\/uploads\/2024\/05\/pavel-steidl-1-100x100.jpg 100w, https:\/\/balatongitar.hu\/wp-content\/uploads\/2024\/05\/pavel-steidl-1-36x36.jpg 36w, https:\/\/balatongitar.hu\/wp-content\/uploads\/2024\/05\/pavel-steidl-1-180x180.jpg 180w, https:\/\/balatongitar.hu\/wp-content\/uploads\/2024\/05\/pavel-steidl-1-120x120.jpg 120w, https:\/\/balatongitar.hu\/wp-content\/uploads\/2024\/05\/pavel-steidl-1-450x450.jpg 450w\" sizes=\"auto, (max-width: 80px) 100vw, 80px\" \/><\/a>\n\t\t\t<\/dt><\/dl><dl class='gallery-item'>\n\t\t\t<dt class='gallery-icon landscape'>\n\t\t\t\t<a href=\"https:\/\/balatongitar.hu\/en\/program-2024\/pavel-steidl-2-barevne-2\/\"><img loading=\"lazy\" decoding=\"async\" width=\"80\" height=\"80\" src=\"https:\/\/balatongitar.hu\/wp-content\/uploads\/2024\/05\/pavel-steidl-2-barevne-80x80.jpg\" class=\"attachment-thumbnail size-thumbnail\" alt=\"\" srcset=\"https:\/\/balatongitar.hu\/wp-content\/uploads\/2024\/05\/pavel-steidl-2-barevne-80x80.jpg 80w, https:\/\/balatongitar.hu\/wp-content\/uploads\/2024\/05\/pavel-steidl-2-barevne-300x300.jpg 300w, https:\/\/balatongitar.hu\/wp-content\/uploads\/2024\/05\/pavel-steidl-2-barevne-100x100.jpg 100w, https:\/\/balatongitar.hu\/wp-content\/uploads\/2024\/05\/pavel-steidl-2-barevne-36x36.jpg 36w, https:\/\/balatongitar.hu\/wp-content\/uploads\/2024\/05\/pavel-steidl-2-barevne-180x180.jpg 180w, https:\/\/balatongitar.hu\/wp-content\/uploads\/2024\/05\/pavel-steidl-2-barevne-120x120.jpg 120w, https:\/\/balatongitar.hu\/wp-content\/uploads\/2024\/05\/pavel-steidl-2-barevne-450x450.jpg 450w\" sizes=\"auto, (max-width: 80px) 100vw, 80px\" \/><\/a>\n\t\t\t<\/dt><\/dl><dl class='gallery-item'>\n\t\t\t<dt class='gallery-icon landscape'>\n\t\t\t\t<a href=\"https:\/\/balatongitar.hu\/en\/program-2024\/pavel-steidl-3-2\/\"><img loading=\"lazy\" decoding=\"async\" width=\"80\" height=\"80\" src=\"https:\/\/balatongitar.hu\/wp-content\/uploads\/2024\/05\/pavel-steidl-3-80x80.jpg\" class=\"attachment-thumbnail size-thumbnail\" alt=\"\" srcset=\"https:\/\/balatongitar.hu\/wp-content\/uploads\/2024\/05\/pavel-steidl-3-80x80.jpg 80w, https:\/\/balatongitar.hu\/wp-content\/uploads\/2024\/05\/pavel-steidl-3-300x300.jpg 300w, https:\/\/balatongitar.hu\/wp-content\/uploads\/2024\/05\/pavel-steidl-3-100x100.jpg 100w, https:\/\/balatongitar.hu\/wp-content\/uploads\/2024\/05\/pavel-steidl-3-600x600.jpg 600w, https:\/\/balatongitar.hu\/wp-content\/uploads\/2024\/05\/pavel-steidl-3-1030x1030.jpg 1030w, https:\/\/balatongitar.hu\/wp-content\/uploads\/2024\/05\/pavel-steidl-3-768x768.jpg 768w, https:\/\/balatongitar.hu\/wp-content\/uploads\/2024\/05\/pavel-steidl-3-1536x1536.jpg 1536w, https:\/\/balatongitar.hu\/wp-content\/uploads\/2024\/05\/pavel-steidl-3-36x36.jpg 36w, https:\/\/balatongitar.hu\/wp-content\/uploads\/2024\/05\/pavel-steidl-3-180x180.jpg 180w, https:\/\/balatongitar.hu\/wp-content\/uploads\/2024\/05\/pavel-steidl-3-1500x1500.jpg 1500w, https:\/\/balatongitar.hu\/wp-content\/uploads\/2024\/05\/pavel-steidl-3-705x705.jpg 705w, https:\/\/balatongitar.hu\/wp-content\/uploads\/2024\/05\/pavel-steidl-3-120x120.jpg 120w, https:\/\/balatongitar.hu\/wp-content\/uploads\/2024\/05\/pavel-steidl-3-450x450.jpg 450w, https:\/\/balatongitar.hu\/wp-content\/uploads\/2024\/05\/pavel-steidl-3.jpg 1750w\" sizes=\"auto, (max-width: 80px) 100vw, 80px\" \/><\/a>\n\t\t\t<\/dt><\/dl><br style=\"clear: both\" \/><dl class='gallery-item'>\n\t\t\t<dt class='gallery-icon landscape'>\n\t\t\t\t<a href=\"https:\/\/balatongitar.hu\/en\/program-2024\/pavel-steidl-4-2\/\"><img loading=\"lazy\" decoding=\"async\" width=\"80\" height=\"80\" src=\"https:\/\/balatongitar.hu\/wp-content\/uploads\/2024\/05\/pavel-steidl-4-80x80.jpg\" class=\"attachment-thumbnail size-thumbnail\" alt=\"\" srcset=\"https:\/\/balatongitar.hu\/wp-content\/uploads\/2024\/05\/pavel-steidl-4-80x80.jpg 80w, https:\/\/balatongitar.hu\/wp-content\/uploads\/2024\/05\/pavel-steidl-4-300x300.jpg 300w, https:\/\/balatongitar.hu\/wp-content\/uploads\/2024\/05\/pavel-steidl-4-100x100.jpg 100w, https:\/\/balatongitar.hu\/wp-content\/uploads\/2024\/05\/pavel-steidl-4-600x600.jpg 600w, https:\/\/balatongitar.hu\/wp-content\/uploads\/2024\/05\/pavel-steidl-4-1030x1030.jpg 1030w, https:\/\/balatongitar.hu\/wp-content\/uploads\/2024\/05\/pavel-steidl-4-768x768.jpg 768w, https:\/\/balatongitar.hu\/wp-content\/uploads\/2024\/05\/pavel-steidl-4-36x36.jpg 36w, https:\/\/balatongitar.hu\/wp-content\/uploads\/2024\/05\/pavel-steidl-4-180x180.jpg 180w, https:\/\/balatongitar.hu\/wp-content\/uploads\/2024\/05\/pavel-steidl-4-705x705.jpg 705w, https:\/\/balatongitar.hu\/wp-content\/uploads\/2024\/05\/pavel-steidl-4-120x120.jpg 120w, https:\/\/balatongitar.hu\/wp-content\/uploads\/2024\/05\/pavel-steidl-4-450x450.jpg 450w, https:\/\/balatongitar.hu\/wp-content\/uploads\/2024\/05\/pavel-steidl-4.jpg 1500w\" sizes=\"auto, (max-width: 80px) 100vw, 80px\" \/><\/a>\n\t\t\t<\/dt><\/dl><dl class='gallery-item'>\n\t\t\t<dt class='gallery-icon landscape'>\n\t\t\t\t<a href=\"https:\/\/balatongitar.hu\/en\/program-2024\/pavel-steidl-5-2\/\"><img loading=\"lazy\" decoding=\"async\" width=\"80\" height=\"80\" src=\"https:\/\/balatongitar.hu\/wp-content\/uploads\/2024\/05\/pavel-steidl-5-80x80.jpg\" class=\"attachment-thumbnail size-thumbnail\" alt=\"\" srcset=\"https:\/\/balatongitar.hu\/wp-content\/uploads\/2024\/05\/pavel-steidl-5-80x80.jpg 80w, https:\/\/balatongitar.hu\/wp-content\/uploads\/2024\/05\/pavel-steidl-5-300x300.jpg 300w, https:\/\/balatongitar.hu\/wp-content\/uploads\/2024\/05\/pavel-steidl-5-100x100.jpg 100w, https:\/\/balatongitar.hu\/wp-content\/uploads\/2024\/05\/pavel-steidl-5-600x600.jpg 600w, https:\/\/balatongitar.hu\/wp-content\/uploads\/2024\/05\/pavel-steidl-5-1030x1030.jpg 1030w, https:\/\/balatongitar.hu\/wp-content\/uploads\/2024\/05\/pavel-steidl-5-768x768.jpg 768w, https:\/\/balatongitar.hu\/wp-content\/uploads\/2024\/05\/pavel-steidl-5-36x36.jpg 36w, https:\/\/balatongitar.hu\/wp-content\/uploads\/2024\/05\/pavel-steidl-5-180x180.jpg 180w, https:\/\/balatongitar.hu\/wp-content\/uploads\/2024\/05\/pavel-steidl-5-705x705.jpg 705w, https:\/\/balatongitar.hu\/wp-content\/uploads\/2024\/05\/pavel-steidl-5-120x120.jpg 120w, https:\/\/balatongitar.hu\/wp-content\/uploads\/2024\/05\/pavel-steidl-5-450x450.jpg 450w, https:\/\/balatongitar.hu\/wp-content\/uploads\/2024\/05\/pavel-steidl-5.jpg 1500w\" sizes=\"auto, (max-width: 80px) 100vw, 80px\" \/><\/a>\n\t\t\t<\/dt><\/dl><dl class='gallery-item'>\n\t\t\t<dt class='gallery-icon landscape'>\n\t\t\t\t<a href=\"https:\/\/balatongitar.hu\/en\/program-2024\/pavel-steidl-6-2\/\"><img loading=\"lazy\" decoding=\"async\" width=\"80\" height=\"80\" src=\"https:\/\/balatongitar.hu\/wp-content\/uploads\/2024\/05\/pavel-steidl-6-80x80.jpg\" class=\"attachment-thumbnail size-thumbnail\" alt=\"\" srcset=\"https:\/\/balatongitar.hu\/wp-content\/uploads\/2024\/05\/pavel-steidl-6-80x80.jpg 80w, https:\/\/balatongitar.hu\/wp-content\/uploads\/2024\/05\/pavel-steidl-6-300x300.jpg 300w, https:\/\/balatongitar.hu\/wp-content\/uploads\/2024\/05\/pavel-steidl-6-100x100.jpg 100w, https:\/\/balatongitar.hu\/wp-content\/uploads\/2024\/05\/pavel-steidl-6-36x36.jpg 36w, https:\/\/balatongitar.hu\/wp-content\/uploads\/2024\/05\/pavel-steidl-6-180x180.jpg 180w, https:\/\/balatongitar.hu\/wp-content\/uploads\/2024\/05\/pavel-steidl-6-120x120.jpg 120w, https:\/\/balatongitar.hu\/wp-content\/uploads\/2024\/05\/pavel-steidl-6-450x450.jpg 450w\" sizes=\"auto, (max-width: 80px) 100vw, 80px\" \/><\/a>\n\t\t\t<\/dt><\/dl><br style=\"clear: both\" \/>\n\t\t<\/div>\n\n<p>PAVEL STEIDL &#8211; GUITARIST<\/p>\n<p>\u201eHere was a guitarist who knew how to laugh with the music and share the joke with his audience. But behind the entertainer lies a serious artist, whose extended composition in memory of Jana Obrovska proved fully capable of stirring emotions at the other end of the scale. Never was a standing ovation more richly deserved. Pavel Steidl had won the hearts and minds of a capacity crowd.\u201c<br \/>\n(Classical guitar magazine)<\/p>\n<p>The magic world of Pavel Steidl charmed us in a delightful program, where classic welcomes varieties of incredible new ideas of how a guitar can create precious effects thanks to his ability to awaken what is normally quite inactive in our imagination and hands!<br \/>\n(Oscar Ghiglia)<\/p>\n<p>Pavel Steidl was born in Rakovnik (Czech Republic). Since he won first prize at the Radio France International Competition in Paris in 1982, he has become one of the most widely celebrated soloists of his generation. Between the membres of the jury were names of such artist like Alexander Tansman, Antonio Lauro , Maria Luisa<br \/>\nAnido \u2026Before that he studied with such guitarist as Milan Zelenka and Stephan Rak in Prague. In 1987 he decided to emigrate to Netherland were after years of studying and getting inspiration from many different artist he has created his own style which is not ignoring authentic way of intepretatione 19th-century guitar literature on periodic instruments and going far to some world music elements. Since 2004 he moved back to Czech republic and since since 2019 gives a lectures at the Conservatoire in The Hague.<\/p>\n<p>He had an honor to work together with such artists like Leo Brouwer, Carlo Domeniconi Paolo Paolini, John Wiliams, Miroslav Vitous, Karin Schaupp, Edin Karamazov and others. Together with Zoran Dukic, Reentko Dirks and Thomas Fellow he is a member of Europian Guitar Quartet since 2012.<\/p>\n<p>Pavel Steidl also composes himself and his own compositions are often played on his concerts or on the recordings. He played in more then 40 countries of the world from among Canada, USA, China, India, Japan, Europe, South and Central America, Australia and many others. On demand of Italian Guitar Magazine Guitart the readers decided to choose him as a guitar player of the year 2004. Pavel Steidl plays many instruments, but mainly Francisco Simplicio (1926), Walter Verreydt, Franz Butcher, Federico Sheppard. Romantic guitars: copies of J.G.Stauffer guitar made by B.Kresse and original instrument from the beginning of the 19th century Nikolaus G.Ries cca. 1830 and Johann Anton Stauffer cca 1840.<\/p>\n<\/div><\/div><\/div><\/section>\n<section class='av_toggle_section av-l3s969sq-956ce1458e21aed9ace04723fcc42a27'  itemscope=\"itemscope\" itemtype=\"https:\/\/schema.org\/CreativeWork\" ><div role=\"tablist\" class=\"single_toggle\" data-tags=\"{All} \"  ><p id='toggle-toggle-id-1' data-fake-id='#toggle-id-1' class='toggler  av-title-above '  itemprop=\"headline\"  role='tab' tabindex='0' aria-controls='toggle-id-1' data-slide-speed=\"200\" data-title=\"PROGRAM\" data-title-open=\"\" data-aria_collapsed=\"Click to expand: PROGRAM\" data-aria_expanded=\"Click to collapse: PROGRAM\">PROGRAM<span class=\"toggle_icon\"><span class=\"vert_icon\"><\/span><span class=\"hor_icon\"><\/span><\/span><\/p><div id='toggle-id-1' aria-labelledby='toggle-toggle-id-1' role='region' class='toggle_wrap  av-title-above'  ><div class='toggle_content invers-color '  itemprop=\"text\" ><p>BALATONF\u00dcRED INTERNATIONAL GUITAR FESTIVAL &#8211; EVENING GUITAR CONCERTS AT THE VASZARY GALLERY<\/p>\n<p><strong>PAVEL STEIDL<br \/>\n<\/strong> (Czech Republic) guitarist<\/p>\n<p><strong>PROGRAM<\/strong><\/p>\n<p><strong>27th June, 2024 7:30 PM<\/strong><\/p>\n<p>Venue: Vaszary Gal\u00e9ria, Balatonf\u00fcred, Honv\u00e9d u. 2-4.<\/p>\n<p>On the air:<\/p>\n<p><strong>Fernando Sor:<\/strong> Menuets op.11 Selection<br \/>\n<strong>Johann Kaspar Mertz:<\/strong> Liebeslied,Romanze<br \/>\n<strong>Ferdinando Carulli:<\/strong> Sei Andanti op.320 (selection)<br \/>\n<strong>Napoleon Coste:<\/strong> Fantasie sur deux motifs de La Norma op.16<\/p>\n<p><em>Intermission<\/em><\/p>\n<p><strong>Phillip Houghton:<\/strong> Ophelia &#8230;a haunted sonata<\/p>\n<ol>\n<li>Fear and the Angel<\/li>\n<li>Suffering and madness ..am I but a dream of a shadow<\/li>\n<li>Chant.. of the flower &#8211; moon<\/li>\n<li>Water.. memories &#8211; halls of ghosts -wash away<\/li>\n<li>Death.. with moons in your hair<\/li>\n<\/ol>\n<p><strong>Carlo Domeniconi:<\/strong> Steidleriana<br \/>\n<strong>Martin Smolka:<\/strong> Lullaby No 12<br \/>\n<strong>Pavel Steidl:<\/strong> And You Go To Ithaca Too<\/p>\n<\/div><\/div><\/div><\/section>\n<\/div><br \/>\n\n<style type=\"text\/css\" data-created_by=\"avia_inline_auto\" id=\"style-css-av-2xo7sx-57e214f3a96da4fec3baa3fabe87e8cc\">\n#top .hr.hr-invisible.av-2xo7sx-57e214f3a96da4fec3baa3fabe87e8cc{\nheight:25px;\n}\n<\/style>\n<div  class='hr av-2xo7sx-57e214f3a96da4fec3baa3fabe87e8cc hr-invisible  avia-builder-el-29  el_after_av_toggle_container  el_before_av_textblock '><span class='hr-inner '><span class=\"hr-inner-style\"><\/span><\/span><\/div><br \/>\n<section  class='av_textblock_section av-zad88x-77a8f7744d71b9955a899808b3377b45 '   itemscope=\"itemscope\" itemtype=\"https:\/\/schema.org\/CreativeWork\" ><div class='avia_textblock'  itemprop=\"text\" ><p><strong>Venue:<\/strong> Vaszary Gal\u00e9ria, Balatonf\u00fcred, Honv\u00e9d u. 2-4.<\/p>\n<\/div><\/section><br \/>\n<section  class='av_textblock_section av-lx237ueg-efc25073bfc60f6c4ae9727309a9e0e9 '   itemscope=\"itemscope\" itemtype=\"https:\/\/schema.org\/CreativeWork\" ><div class='avia_textblock'  itemprop=\"text\" ><p><strong>Book your ticket for the concert by clicking <span style=\"text-decoration: underline;\"><a href=\"https:\/\/balatongitar.hu\/en\/berlet-jegy\/tickets-for-the-pavel-steidl-concert-on-27-june\/\">on the link!<\/a><\/span><\/strong><\/p>\n<\/div><\/section><\/p><\/div>\n\n<\/div><\/div><\/div><!-- close content main div --><\/div><\/div><div id='av_section_4'  class='avia-section av-vwrnnl-622547d4497d845f45e7e7f3ba96efac main_color avia-section-small avia-no-border-styling  avia-builder-el-32  el_after_av_section  el_before_av_section  avia-bg-style-scroll container_wrap fullsize'  ><div class='container av-section-cont-open' ><div class='template-page content  av-content-full alpha units'><div class='post-entry post-entry-type-page post-entry-13863'><div class='entry-content-wrapper clearfix'>\n\n<style type=\"text\/css\" data-created_by=\"avia_inline_auto\" id=\"style-css-av-ucerj5-e8fc5bfc203cf471a3d3fe5dae9660c9\">\n.flex_column.av-ucerj5-e8fc5bfc203cf471a3d3fe5dae9660c9{\nborder-radius:0px 0px 0px 0px;\npadding:0px 0px 0px 0px;\n}\n<\/style>\n<div  class='flex_column av-ucerj5-e8fc5bfc203cf471a3d3fe5dae9660c9 av_one_full  avia-builder-el-33  el_before_av_hr  avia-builder-el-first  first flex_column_div av-zero-column-padding  '     ><style type=\"text\/css\" data-created_by=\"avia_inline_auto\" id=\"style-css-av-t5m4kh-6afb2fb00ceaaeeb3cbe90760487a0eb\">\n#top .av-special-heading.av-t5m4kh-6afb2fb00ceaaeeb3cbe90760487a0eb{\npadding-bottom:10px;\n}\nbody .av-special-heading.av-t5m4kh-6afb2fb00ceaaeeb3cbe90760487a0eb .av-special-heading-tag .heading-char{\nfont-size:25px;\n}\n.av-special-heading.av-t5m4kh-6afb2fb00ceaaeeb3cbe90760487a0eb .av-subheading{\nfont-size:15px;\n}\n<\/style>\n<div  class='av-special-heading av-t5m4kh-6afb2fb00ceaaeeb3cbe90760487a0eb av-special-heading-h3  avia-builder-el-34  avia-builder-el-no-sibling '><h3 class='av-special-heading-tag '  itemprop=\"headline\"  >Friday 28 June 2024<\/h3><div class=\"special-heading-border\"><div class=\"special-heading-inner-border\"><\/div><\/div><\/div><\/div>\n<style type=\"text\/css\" data-created_by=\"avia_inline_auto\" id=\"style-css-av-55i0ld-4ff7e4f5914b9ca6bde7b8bec031021c\">\n#top .hr.hr-invisible.av-55i0ld-4ff7e4f5914b9ca6bde7b8bec031021c{\nheight:25px;\n}\n<\/style>\n<div  class='hr av-55i0ld-4ff7e4f5914b9ca6bde7b8bec031021c hr-invisible  avia-builder-el-35  el_after_av_one_full  el_before_av_textblock '><span class='hr-inner '><span class=\"hr-inner-style\"><\/span><\/span><\/div>\n<section  class='av_textblock_section av-p15zed-7712a442bb519e6368d94b993b0af157 '   itemscope=\"itemscope\" itemtype=\"https:\/\/schema.org\/CreativeWork\" ><div class='avia_textblock'  itemprop=\"text\" ><p><strong>9:00 AM &#8211; 1:00 PM <\/strong>Public masterclass<strong> ZORAN DUKIC and ERIKA CZAK\u00d3<\/strong><\/p>\n<p><strong>Venue:<\/strong> Ferencsik J\u00e1nos Zeneiskola Balatonf\u00fcred, Ady Endre u. 13.<\/p>\n<\/div><\/section>\n\n<style type=\"text\/css\" data-created_by=\"avia_inline_auto\" id=\"style-css-av-2ybd4x-85ae023ad9b93117f837ffb4e5b18fbf\">\n#top .hr.hr-invisible.av-2ybd4x-85ae023ad9b93117f837ffb4e5b18fbf{\nheight:25px;\n}\n<\/style>\n<div  class='hr av-2ybd4x-85ae023ad9b93117f837ffb4e5b18fbf hr-invisible  avia-builder-el-37  el_after_av_textblock  el_before_av_one_fourth '><span class='hr-inner '><span class=\"hr-inner-style\"><\/span><\/span><\/div>\n\n<style type=\"text\/css\" data-created_by=\"avia_inline_auto\" id=\"style-css-av-rwsefl-3493f0bd2a7deca066ed1b8d87683e6b\">\n#top .flex_column.av-rwsefl-3493f0bd2a7deca066ed1b8d87683e6b{\nmargin-top:0px;\nmargin-bottom:0px;\n}\n.flex_column.av-rwsefl-3493f0bd2a7deca066ed1b8d87683e6b{\nborder-radius:0px 0px 0px 0px;\npadding:0px 0px 0px 0px;\n}\n.responsive #top #wrap_all .flex_column.av-rwsefl-3493f0bd2a7deca066ed1b8d87683e6b{\nmargin-top:0px;\nmargin-bottom:0px;\n}\n<\/style>\n<div  class='flex_column av-rwsefl-3493f0bd2a7deca066ed1b8d87683e6b av_one_fourth  avia-builder-el-38  el_after_av_hr  el_before_av_three_fourth  first flex_column_div av-zero-column-padding  '     ><style type=\"text\/css\" data-created_by=\"avia_inline_auto\" id=\"style-css-av-p32hq9-fc4ae8d1695f5f3678996fd919649a83\">\n.avia-image-container.av-p32hq9-fc4ae8d1695f5f3678996fd919649a83 img.avia_image{\nbox-shadow:none;\n}\n.avia-image-container.av-p32hq9-fc4ae8d1695f5f3678996fd919649a83 .av-image-caption-overlay-center{\ncolor:#ffffff;\n}\n<\/style>\n<div  class='avia-image-container av-p32hq9-fc4ae8d1695f5f3678996fd919649a83 av-styling- avia-align-center  avia-builder-el-39  avia-builder-el-no-sibling '   itemprop=\"image\" itemscope=\"itemscope\" itemtype=\"https:\/\/schema.org\/ImageObject\" ><div class=\"avia-image-container-inner\"><div class=\"avia-image-overlay-wrap\"><img decoding=\"async\" fetchpriority=\"high\" class='wp-image-13840 avia-img-lazy-loading-not-13840 avia_image ' src=\"https:\/\/balatongitar.hu\/wp-content\/uploads\/2024\/05\/2024_FOTOK_KONCERTEK_3-215x300.jpg\" alt='' title='2024_FOTOK_KONCERTEK_3'  height=\"300\" width=\"215\"  itemprop=\"thumbnailUrl\" srcset=\"https:\/\/balatongitar.hu\/wp-content\/uploads\/2024\/05\/2024_FOTOK_KONCERTEK_3-215x300.jpg 215w, https:\/\/balatongitar.hu\/wp-content\/uploads\/2024\/05\/2024_FOTOK_KONCERTEK_3-600x837.jpg 600w, https:\/\/balatongitar.hu\/wp-content\/uploads\/2024\/05\/2024_FOTOK_KONCERTEK_3-738x1030.jpg 738w, https:\/\/balatongitar.hu\/wp-content\/uploads\/2024\/05\/2024_FOTOK_KONCERTEK_3-768x1071.jpg 768w, https:\/\/balatongitar.hu\/wp-content\/uploads\/2024\/05\/2024_FOTOK_KONCERTEK_3-1101x1536.jpg 1101w, https:\/\/balatongitar.hu\/wp-content\/uploads\/2024\/05\/2024_FOTOK_KONCERTEK_3-1075x1500.jpg 1075w, https:\/\/balatongitar.hu\/wp-content\/uploads\/2024\/05\/2024_FOTOK_KONCERTEK_3-505x705.jpg 505w, https:\/\/balatongitar.hu\/wp-content\/uploads\/2024\/05\/2024_FOTOK_KONCERTEK_3-450x628.jpg 450w, https:\/\/balatongitar.hu\/wp-content\/uploads\/2024\/05\/2024_FOTOK_KONCERTEK_3.jpg 1147w\" sizes=\"(max-width: 215px) 100vw, 215px\" \/><\/div><\/div><\/div><\/div>\n<style type=\"text\/css\" data-created_by=\"avia_inline_auto\" id=\"style-css-av-2e8ewh-513214c671e028a1b1259e89975d4543\">\n#top .flex_column.av-2e8ewh-513214c671e028a1b1259e89975d4543{\nmargin-top:0px;\nmargin-bottom:0px;\n}\n.flex_column.av-2e8ewh-513214c671e028a1b1259e89975d4543{\nborder-radius:0px 0px 0px 0px;\npadding:0px 0px 0px 0px;\n}\n.responsive #top #wrap_all .flex_column.av-2e8ewh-513214c671e028a1b1259e89975d4543{\nmargin-top:0px;\nmargin-bottom:0px;\n}\n<\/style>\n<div  class='flex_column av-2e8ewh-513214c671e028a1b1259e89975d4543 av_three_fourth  avia-builder-el-40  el_after_av_one_fourth  avia-builder-el-last  flex_column_div av-zero-column-padding  '     ><p>\n<style type=\"text\/css\" data-created_by=\"avia_inline_auto\" id=\"style-css-av-n36m5d-99bf4904d045788f6e4ced24b421a13f\">\n#top .av_textblock_section.av-n36m5d-99bf4904d045788f6e4ced24b421a13f .avia_textblock{\nfont-size:18px;\ncolor:#000000;\n}\n<\/style>\n<section  class='av_textblock_section av-n36m5d-99bf4904d045788f6e4ced24b421a13f '   itemscope=\"itemscope\" itemtype=\"https:\/\/schema.org\/CreativeWork\" ><div class='avia_textblock av_inherit_color'  itemprop=\"text\" ><p><strong>7:30 PM &#8211;<\/strong> <strong>CONCERT<\/strong><\/p>\n<\/div><\/section><br \/>\n<div  class='togglecontainer av-ld5gmp-b438494e96f70c46c1872db7c0755313  avia-builder-el-42  el_after_av_textblock  el_before_av_hr  toggle_close_all' >\n<section class='av_toggle_section av-ipd141-d706b9bdeb2867fab610bc77a377c0a6'  itemscope=\"itemscope\" itemtype=\"https:\/\/schema.org\/CreativeWork\" ><div role=\"tablist\" class=\"single_toggle\" data-tags=\"{All} \"  ><p id='toggle-perroy' data-fake-id='#perroy' class='toggler  av-title-above '  itemprop=\"headline\"  role='tab' tabindex='0' aria-controls='perroy' data-slide-speed=\"200\" data-title=\"EUROPEAN GUITAR QUARTET&lt;br&gt;concert\" data-title-open=\"\" data-aria_collapsed=\"Click to expand: EUROPEAN GUITAR QUARTET&lt;br&gt;concert\" data-aria_expanded=\"Click to collapse: EUROPEAN GUITAR QUARTET&lt;br&gt;concert\">EUROPEAN GUITAR QUARTET&lt;br&gt;concert<span class=\"toggle_icon\"><span class=\"vert_icon\"><\/span><span class=\"hor_icon\"><\/span><\/span><\/p><div id='perroy' aria-labelledby='toggle-perroy' role='region' class='toggle_wrap  av-title-above'  ><div class='toggle_content invers-color '  itemprop=\"text\" ><p><img loading=\"lazy\" decoding=\"async\" class=\"size-medium wp-image-13843 aligncenter\" src=\"https:\/\/balatongitar.hu\/wp-content\/uploads\/2024\/05\/2024_FOTOK_MUVESZEK_4-215x300.jpg\" alt=\"\" width=\"215\" height=\"300\" srcset=\"https:\/\/balatongitar.hu\/wp-content\/uploads\/2024\/05\/2024_FOTOK_MUVESZEK_4-215x300.jpg 215w, https:\/\/balatongitar.hu\/wp-content\/uploads\/2024\/05\/2024_FOTOK_MUVESZEK_4-600x837.jpg 600w, https:\/\/balatongitar.hu\/wp-content\/uploads\/2024\/05\/2024_FOTOK_MUVESZEK_4-738x1030.jpg 738w, https:\/\/balatongitar.hu\/wp-content\/uploads\/2024\/05\/2024_FOTOK_MUVESZEK_4-768x1071.jpg 768w, https:\/\/balatongitar.hu\/wp-content\/uploads\/2024\/05\/2024_FOTOK_MUVESZEK_4-1101x1536.jpg 1101w, https:\/\/balatongitar.hu\/wp-content\/uploads\/2024\/05\/2024_FOTOK_MUVESZEK_4-1075x1500.jpg 1075w, https:\/\/balatongitar.hu\/wp-content\/uploads\/2024\/05\/2024_FOTOK_MUVESZEK_4-505x705.jpg 505w, https:\/\/balatongitar.hu\/wp-content\/uploads\/2024\/05\/2024_FOTOK_MUVESZEK_4-450x628.jpg 450w, https:\/\/balatongitar.hu\/wp-content\/uploads\/2024\/05\/2024_FOTOK_MUVESZEK_4.jpg 1147w\" sizes=\"auto, (max-width: 215px) 100vw, 215px\" \/><\/p>\n\n\t\t<style type=\"text\/css\">\n\t\t\t#gallery-4 {\n\t\t\t\tmargin: auto;\n\t\t\t}\n\t\t\t#gallery-4 .gallery-item {\n\t\t\t\tfloat: left;\n\t\t\t\tmargin-top: 10px;\n\t\t\t\ttext-align: center;\n\t\t\t\twidth: 25%;\n\t\t\t}\n\t\t\t#gallery-4 img {\n\t\t\t\tborder: 2px solid #cfcfcf;\n\t\t\t}\n\t\t\t#gallery-4 .gallery-caption {\n\t\t\t\tmargin-left: 0;\n\t\t\t}\n\t\t\t\/* see gallery_shortcode() in wp-includes\/media.php *\/\n\t\t<\/style>\n\t\t<div id='gallery-4' class='gallery galleryid-13863 gallery-columns-4 gallery-size-thumbnail'><dl class='gallery-item'>\n\t\t\t<dt class='gallery-icon landscape'>\n\t\t\t\t<a href=\"https:\/\/balatongitar.hu\/en\/program-2024\/kvartet-34-kopieon1-2\/\"><img loading=\"lazy\" decoding=\"async\" width=\"80\" height=\"80\" src=\"https:\/\/balatongitar.hu\/wp-content\/uploads\/2024\/05\/kvartet-34-KopieON1-80x80.jpg\" class=\"attachment-thumbnail size-thumbnail\" alt=\"\" srcset=\"https:\/\/balatongitar.hu\/wp-content\/uploads\/2024\/05\/kvartet-34-KopieON1-80x80.jpg 80w, https:\/\/balatongitar.hu\/wp-content\/uploads\/2024\/05\/kvartet-34-KopieON1-300x300.jpg 300w, https:\/\/balatongitar.hu\/wp-content\/uploads\/2024\/05\/kvartet-34-KopieON1-100x100.jpg 100w, https:\/\/balatongitar.hu\/wp-content\/uploads\/2024\/05\/kvartet-34-KopieON1-36x36.jpg 36w, https:\/\/balatongitar.hu\/wp-content\/uploads\/2024\/05\/kvartet-34-KopieON1-180x180.jpg 180w, https:\/\/balatongitar.hu\/wp-content\/uploads\/2024\/05\/kvartet-34-KopieON1-120x120.jpg 120w, https:\/\/balatongitar.hu\/wp-content\/uploads\/2024\/05\/kvartet-34-KopieON1-450x450.jpg 450w\" sizes=\"auto, (max-width: 80px) 100vw, 80px\" \/><\/a>\n\t\t\t<\/dt><\/dl><dl class='gallery-item'>\n\t\t\t<dt class='gallery-icon landscape'>\n\t\t\t\t<a href=\"https:\/\/balatongitar.hu\/en\/program-2024\/kvartet-36on1-2\/\"><img loading=\"lazy\" decoding=\"async\" width=\"80\" height=\"80\" src=\"https:\/\/balatongitar.hu\/wp-content\/uploads\/2024\/05\/kvartet-36ON1-80x80.jpg\" class=\"attachment-thumbnail size-thumbnail\" alt=\"\" srcset=\"https:\/\/balatongitar.hu\/wp-content\/uploads\/2024\/05\/kvartet-36ON1-80x80.jpg 80w, https:\/\/balatongitar.hu\/wp-content\/uploads\/2024\/05\/kvartet-36ON1-300x300.jpg 300w, https:\/\/balatongitar.hu\/wp-content\/uploads\/2024\/05\/kvartet-36ON1-100x100.jpg 100w, https:\/\/balatongitar.hu\/wp-content\/uploads\/2024\/05\/kvartet-36ON1-36x36.jpg 36w, https:\/\/balatongitar.hu\/wp-content\/uploads\/2024\/05\/kvartet-36ON1-180x180.jpg 180w, https:\/\/balatongitar.hu\/wp-content\/uploads\/2024\/05\/kvartet-36ON1-120x120.jpg 120w, https:\/\/balatongitar.hu\/wp-content\/uploads\/2024\/05\/kvartet-36ON1-450x450.jpg 450w\" sizes=\"auto, (max-width: 80px) 100vw, 80px\" \/><\/a>\n\t\t\t<\/dt><\/dl><dl class='gallery-item'>\n\t\t\t<dt class='gallery-icon landscape'>\n\t\t\t\t<a href=\"https:\/\/balatongitar.hu\/en\/program-2024\/kvartet-64on1-2\/\"><img loading=\"lazy\" decoding=\"async\" width=\"80\" height=\"80\" src=\"https:\/\/balatongitar.hu\/wp-content\/uploads\/2024\/05\/kvartet-64ON1-80x80.jpg\" class=\"attachment-thumbnail size-thumbnail\" alt=\"\" srcset=\"https:\/\/balatongitar.hu\/wp-content\/uploads\/2024\/05\/kvartet-64ON1-80x80.jpg 80w, https:\/\/balatongitar.hu\/wp-content\/uploads\/2024\/05\/kvartet-64ON1-300x300.jpg 300w, https:\/\/balatongitar.hu\/wp-content\/uploads\/2024\/05\/kvartet-64ON1-100x100.jpg 100w, https:\/\/balatongitar.hu\/wp-content\/uploads\/2024\/05\/kvartet-64ON1-36x36.jpg 36w, https:\/\/balatongitar.hu\/wp-content\/uploads\/2024\/05\/kvartet-64ON1-180x180.jpg 180w, https:\/\/balatongitar.hu\/wp-content\/uploads\/2024\/05\/kvartet-64ON1-120x120.jpg 120w, https:\/\/balatongitar.hu\/wp-content\/uploads\/2024\/05\/kvartet-64ON1-450x450.jpg 450w\" sizes=\"auto, (max-width: 80px) 100vw, 80px\" \/><\/a>\n\t\t\t<\/dt><\/dl><dl class='gallery-item'>\n\t\t\t<dt class='gallery-icon landscape'>\n\t\t\t\t<a href=\"https:\/\/balatongitar.hu\/en\/program-2024\/kvartet-68-kopieon1-2\/\"><img loading=\"lazy\" decoding=\"async\" width=\"80\" height=\"80\" src=\"https:\/\/balatongitar.hu\/wp-content\/uploads\/2024\/05\/kvartet-68-KopieON1-80x80.jpg\" class=\"attachment-thumbnail size-thumbnail\" alt=\"\" srcset=\"https:\/\/balatongitar.hu\/wp-content\/uploads\/2024\/05\/kvartet-68-KopieON1-80x80.jpg 80w, https:\/\/balatongitar.hu\/wp-content\/uploads\/2024\/05\/kvartet-68-KopieON1-300x300.jpg 300w, https:\/\/balatongitar.hu\/wp-content\/uploads\/2024\/05\/kvartet-68-KopieON1-100x100.jpg 100w, https:\/\/balatongitar.hu\/wp-content\/uploads\/2024\/05\/kvartet-68-KopieON1-36x36.jpg 36w, https:\/\/balatongitar.hu\/wp-content\/uploads\/2024\/05\/kvartet-68-KopieON1-180x180.jpg 180w, https:\/\/balatongitar.hu\/wp-content\/uploads\/2024\/05\/kvartet-68-KopieON1-120x120.jpg 120w, https:\/\/balatongitar.hu\/wp-content\/uploads\/2024\/05\/kvartet-68-KopieON1-450x450.jpg 450w\" sizes=\"auto, (max-width: 80px) 100vw, 80px\" \/><\/a>\n\t\t\t<\/dt><\/dl><br style=\"clear: both\" \/>\n\t\t<\/div>\n\n<p><strong>TURN THE WORLD AROUND &#8211; European Guitar Quartet<\/strong><\/p>\n<p>After around 60 concerts in 16 countries, including major venues such<br \/>\nas the Concertgebouw Amsterdam, Buttenwieser Hall New York and<br \/>\nTchaikovsky Hall in Moscow, as well as festivals such as the Bergen<br \/>\nMusic Festival (N), the Ravinia Festival Chicago (USA) and the<br \/>\nMonterrey Guitar Festival (MEX), the last sounds of the Danza tour<br \/>\nwere heard in the Calcutta Central Hall in India.<\/p>\n<p>The celebrated quartet&#8217;s new album &#8220;Fourtune&#8221; will be released in<br \/>\nOctober 2024. In addition to music by Frank Zappa, Carlo<br \/>\nDomeniconi and Harry Belafonte, it also contains music by Thomas<br \/>\nFellow, Pavel Steidl and Reentko Dirks &#8211; contemporary embraces of<br \/>\nconcert music, world music and jazz.<br \/>\nTwo legends of the classical guitar meet two virtuosos of modern<br \/>\nfingerstyle to create an innovative new sound for the instrument.<br \/>\nDon&#8217;t think of classical guitar &#8211; expect a new experience in concert<br \/>\nguitar music.<br \/>\n&#8220;Birth of a new shining star in the concert sky&#8221;.<br \/>\nThis is what the Dresdner Neueste Nachrichten wrote after the<br \/>\nensemble&#8217;s debut concert in Dresden in spring 2012. And indeed, the<br \/>\nmeeting of two world stars of the classical guitar with two<br \/>\noutstanding protagonists of the modern acoustic guitar scene was able<br \/>\nto win over critics and audiences alike in no time at all.<\/p>\n<p>Immediately after their debut, they received invitations to play at<br \/>\nfestivals all over the world, inspiring musicians such as Giora<br \/>\nFeidman with their music. In 2017, they toured the USA, performing<br \/>\nin New York, Los Angeles, San Francisco and at the famous Ravinia<br \/>\nFestival in Chicago. In 2018, they gave their Russian debut at the<br \/>\nworld-famous Tchaikovsky Hall in Moscow, their first concert in<br \/>\nPoland at the Silesian Guitar Autumn Festival and also made a guest<br \/>\nappearance at the Hamburg Guitar Days. In 2019, they played another<br \/>\ntour of the USA as well as concerts in India and Germany.<\/p>\n<p>ZORAN DUKIC (CRO) can look back on winning more competitions<br \/>\nin his time than any other guitarist in the world. He has led some of<br \/>\nthe most successful major classes at several European universities,<br \/>\ncurrently at the Royal Conservatory in The Hague, and thrills<br \/>\naudiences with his incredibly dynamic virtuosity. Whether as a soloist,<br \/>\nin a duo with Aniello Desiderio or in various chamber music<br \/>\nformations, he is undoubtedly one of the busiest concert guitarists in<br \/>\nthe world.<\/p>\n<p>PAVEL STEIDL (CZ) has long been regarded as an icon of the<br \/>\ninstrument. His interpretations of classical-romantic music are unique<br \/>\nand inimitably intense. After concerts all over the world and at the<br \/>\nmost important festivals, he has long since established himself as one<br \/>\nof the best in his field. In 1982 he won one of the most important<br \/>\ncompetitions of the time &#8211; Radio France in Paris and currently teaches<br \/>\nat the Prague Academy of Music.<\/p>\n<p>THOMAS FELLOW (D) is an acoustic guitarist of the first rank and<br \/>\nhas become one of the most successful and influential musical<br \/>\naccompanists on this instrument, not least through his innovative<br \/>\nplaying in the duo &#8220;Friend &#8216;n Fellow&#8221; (after almost 2000 concerts with<br \/>\nRay Charles, Luther Allison and Tommy Emmanuel, among others).<br \/>\nAs an author and composer, he is published by Schott Music, directs<br \/>\nthe pioneering &#8220;Acoustic Guitar&#8221; course at the Dresden Academy of<br \/>\nMusic and has performed in over 30 countries.<\/p>\n<p>REENTKO (D) has received international attention and recognition<br \/>\nnot only as an impressive guitarist and percussionist, but also as a<br \/>\ncomposer whose works have won numerous prizes and have been<br \/>\nperformed in the program of the &#8220;Cirque de Soleil&#8221; and the<br \/>\nSemperoper Dresden, among others. He has also gained recognition as<br \/>\nthe guitarist of the band MASAA (German Jazz Award 2021) and<br \/>\nKsenija Sidorova (Echo 2017).<\/p>\n<p>These four musicians, each a highly respected name in the music<br \/>\nworld, have set themselves the task of combining the concertante<br \/>\ntradition of the instrument with the expressive, dynamic sounds of the<br \/>\nmodern age.<\/p>\n<p>A summit meeting of guitar music.<br \/>\nwww.europeanguitarquartet.com<\/p>\n<p>&#8220;Melancholy and passion combine to create a magnificent sound<br \/>\npainting. This very special summit meeting of four exceptional<br \/>\nguitarists: a breath-taking demonstration of virtuosity and musical<br \/>\nversatility&#8221;<br \/>\nMainpost<\/p>\n<p>&#8220;Here, the creativity of four extraordinary musical personalities is<br \/>\nmaximized, because visionaries don&#8217;t need to be pigeonholed. &#8220;Music<br \/>\nfor the open minded&#8221; in the best sense. Absolute top class!&#8221;<br \/>\nAkustik Gitarre<\/p>\n<\/div><\/div><\/div><\/section>\n<section class='av_toggle_section av-h8tb9d-a2f378c1c0b7767631d8b9c795d8055a'  itemscope=\"itemscope\" itemtype=\"https:\/\/schema.org\/CreativeWork\" ><div role=\"tablist\" class=\"single_toggle\" data-tags=\"{All} \"  ><p id='toggle-toggle-id-2' data-fake-id='#toggle-id-2' class='toggler  av-title-above '  itemprop=\"headline\"  role='tab' tabindex='0' aria-controls='toggle-id-2' data-slide-speed=\"200\" data-title=\"PROGRAM\" data-title-open=\"\" data-aria_collapsed=\"Click to expand: PROGRAM\" data-aria_expanded=\"Click to collapse: PROGRAM\">PROGRAM<span class=\"toggle_icon\"><span class=\"vert_icon\"><\/span><span class=\"hor_icon\"><\/span><\/span><\/p><div id='toggle-id-2' aria-labelledby='toggle-toggle-id-2' role='region' class='toggle_wrap  av-title-above'  ><div class='toggle_content invers-color '  itemprop=\"text\" ><p>BALATONF\u00dcRED INTERNATIONAL GUITAR FESTIVAL &#8211; EVENING GUITAR CONCERTS AT THE VASZARY GALLERY<\/p>\n<p><strong>EUROPEAN GUITAR QUARTET<br \/>\nZoran Dukic | Pavel Steidl | Thomas Fellow | Reentko Dirks<br \/>\n<\/strong><\/p>\n<p><strong>PROGRAM<\/strong><\/p>\n<p>2024. <strong>j\u00fanius 28. 19:30<\/strong><\/p>\n<p>Balatonf\u00fcred, Vaszary Gal\u00e9ria<\/p>\n<p><strong>FORGASD KI SARK\u00c1B\u00d3L A VIL\u00c1GOT<br \/>\n<\/strong>Turn The World Around<\/p>\n<p><strong>Astor Piazzolla:<\/strong> Verano porte\u00f1o\u201d (Summer) from Four Seasons of Buenos Aires<br \/>\n<strong>Reentko Dirks:<\/strong> Rafa<br \/>\n<strong>Pavel Steidl:<\/strong> Pictures from Moravia<br \/>\n<strong>Jimi Hendrix:<\/strong> Purple Haze<br \/>\n<strong>Thomas Fellow:<\/strong> Porthos\u201d and \u201cD\u00b4Artagnant from The Four Musketeers<br \/>\n<strong>Reentko Dirks:<\/strong> Danza non Danza<\/p>\n<p><em>Intermission<\/em><\/p>\n<p><strong>Pavel Steidl:<\/strong> Are You Going to Ithaca, Too?<br \/>\n<strong>Thomas Fellow:<\/strong> Agrippina<br \/>\n<strong>Thomas Fellow:<\/strong> Medusa<br \/>\n<strong>Frank Zappa:<\/strong> Oh No<br \/>\n<strong>Frank Zappa:<\/strong> Father O\u2019Blivion<br \/>\n<strong>Astor Piazzolla:<\/strong> Concierto para quinteto<br \/>\n<strong>Harry Belafonte:<\/strong> Turn the World Around<\/p>\n\n<\/div><\/div><\/div><\/section>\n<\/div><br \/>\n\n<style type=\"text\/css\" data-created_by=\"avia_inline_auto\" id=\"style-css-av-gdyuep-1603a724178e5302e4fd673c5d557920\">\n#top .hr.hr-invisible.av-gdyuep-1603a724178e5302e4fd673c5d557920{\nheight:25px;\n}\n<\/style>\n<div  class='hr av-gdyuep-1603a724178e5302e4fd673c5d557920 hr-invisible  avia-builder-el-43  el_after_av_toggle_container  el_before_av_textblock '><span class='hr-inner '><span class=\"hr-inner-style\"><\/span><\/span><\/div><br \/>\n<section  class='av_textblock_section av-12f039x-c808975ff1ae7d6ee9551156372f7fe8 '   itemscope=\"itemscope\" itemtype=\"https:\/\/schema.org\/CreativeWork\" ><div class='avia_textblock'  itemprop=\"text\" ><p><strong>Venue:<\/strong> Vaszary Gal\u00e9ria, Balatonf\u00fcred, Honv\u00e9d u. 2-4.<\/p>\n<\/div><\/section><br \/>\n<section  class='av_textblock_section av-lx239ab8-3c0cc923b023281f3366fdee88de4cfa '   itemscope=\"itemscope\" itemtype=\"https:\/\/schema.org\/CreativeWork\" ><div class='avia_textblock'  itemprop=\"text\" ><p>Dear Visitor! <strong>The online ticket sale for the European Guitar Quartet concert is now closed!<\/strong> A limited number of tickets are still available at the concert venue, up to the capacity of the hall.<\/p>\n<\/div><\/section><\/p><\/div><\/div><\/div><\/div><!-- close content main div --><\/div><\/div><div id='av_section_5'  class='avia-section av-n2v1hd-f863b4f0b0946eef3a40f0111a6c113f main_color avia-section-small avia-no-border-styling  avia-builder-el-46  el_after_av_section  el_before_av_section  avia-bg-style-scroll container_wrap fullsize'  ><div class='container av-section-cont-open' ><div class='template-page content  av-content-full alpha units'><div class='post-entry post-entry-type-page post-entry-13863'><div class='entry-content-wrapper clearfix'>\n\n<style type=\"text\/css\" data-created_by=\"avia_inline_auto\" id=\"style-css-av-lhoctt-e3895658cbb6c62871307a616a4de617\">\n.flex_column.av-lhoctt-e3895658cbb6c62871307a616a4de617{\nborder-radius:0px 0px 0px 0px;\npadding:0px 0px 0px 0px;\n}\n<\/style>\n<div  class='flex_column av-lhoctt-e3895658cbb6c62871307a616a4de617 av_one_full  avia-builder-el-47  el_before_av_hr  avia-builder-el-first  first flex_column_div av-zero-column-padding  '     ><style type=\"text\/css\" data-created_by=\"avia_inline_auto\" id=\"style-css-av-l3se3rp1-f403255e0cbb471258af0183030c296d\">\n#top .av-special-heading.av-l3se3rp1-f403255e0cbb471258af0183030c296d{\npadding-bottom:10px;\n}\nbody .av-special-heading.av-l3se3rp1-f403255e0cbb471258af0183030c296d .av-special-heading-tag .heading-char{\nfont-size:25px;\n}\n.av-special-heading.av-l3se3rp1-f403255e0cbb471258af0183030c296d .av-subheading{\nfont-size:15px;\n}\n<\/style>\n<div  class='av-special-heading av-l3se3rp1-f403255e0cbb471258af0183030c296d av-special-heading-h3  avia-builder-el-48  avia-builder-el-no-sibling '><h3 class='av-special-heading-tag '  itemprop=\"headline\"  >Saturday 29 June 2024<\/h3><div class=\"special-heading-border\"><div class=\"special-heading-inner-border\"><\/div><\/div><\/div><\/div>\n<style type=\"text\/css\" data-created_by=\"avia_inline_auto\" id=\"style-css-av-jkon8x-3f8b8d3bea6df376c05ca21188bed9a9\">\n#top .hr.hr-invisible.av-jkon8x-3f8b8d3bea6df376c05ca21188bed9a9{\nheight:25px;\n}\n<\/style>\n<div  class='hr av-jkon8x-3f8b8d3bea6df376c05ca21188bed9a9 hr-invisible  avia-builder-el-49  el_after_av_one_full  el_before_av_textblock '><span class='hr-inner '><span class=\"hr-inner-style\"><\/span><\/span><\/div>\n<section  class='av_textblock_section av-h1tom9-ac137906d7ea8eed7f972cf296d75f20 '   itemscope=\"itemscope\" itemtype=\"https:\/\/schema.org\/CreativeWork\" ><div class='avia_textblock'  itemprop=\"text\" ><p><strong>9:00 AM &#8211; 1:00 PM <\/strong>Public masterclass<strong> PAVEL STEIDL and ERIKA CZAK\u00d3<\/strong><\/p>\n<p><strong>Venue:<\/strong> Ferencsik J\u00e1nos Zeneiskola Balatonf\u00fcred, Ady Endre u. 13.<\/p>\n<\/div><\/section>\n\n<style type=\"text\/css\" data-created_by=\"avia_inline_auto\" id=\"style-css-av-fcjjbl-6f5773876e72de7cf19481293678c7ad\">\n#top .hr.hr-invisible.av-fcjjbl-6f5773876e72de7cf19481293678c7ad{\nheight:25px;\n}\n<\/style>\n<div  class='hr av-fcjjbl-6f5773876e72de7cf19481293678c7ad hr-invisible  avia-builder-el-51  el_after_av_textblock  el_before_av_one_fourth '><span class='hr-inner '><span class=\"hr-inner-style\"><\/span><\/span><\/div>\n\n<style type=\"text\/css\" data-created_by=\"avia_inline_auto\" id=\"style-css-av-dohbtd-1b62ced91ab42362e2773a5c0eb6941b\">\n#top .flex_column.av-dohbtd-1b62ced91ab42362e2773a5c0eb6941b{\nmargin-top:0px;\nmargin-bottom:0px;\n}\n.flex_column.av-dohbtd-1b62ced91ab42362e2773a5c0eb6941b{\nborder-radius:0px 0px 0px 0px;\npadding:0px 0px 0px 0px;\n}\n.responsive #top #wrap_all .flex_column.av-dohbtd-1b62ced91ab42362e2773a5c0eb6941b{\nmargin-top:0px;\nmargin-bottom:0px;\n}\n<\/style>\n<div  class='flex_column av-dohbtd-1b62ced91ab42362e2773a5c0eb6941b av_one_fourth  avia-builder-el-52  el_after_av_hr  el_before_av_three_fourth  first flex_column_div av-zero-column-padding  '     ><style type=\"text\/css\" data-created_by=\"avia_inline_auto\" id=\"style-css-av-l3sedmxi-4831164852a3796bb8a597b6f7055d52\">\n.avia-image-container.av-l3sedmxi-4831164852a3796bb8a597b6f7055d52 img.avia_image{\nbox-shadow:none;\n}\n.avia-image-container.av-l3sedmxi-4831164852a3796bb8a597b6f7055d52 .av-image-caption-overlay-center{\ncolor:#ffffff;\n}\n<\/style>\n<div  class='avia-image-container av-l3sedmxi-4831164852a3796bb8a597b6f7055d52 av-styling- avia-align-center  avia-builder-el-53  avia-builder-el-no-sibling '   itemprop=\"image\" itemscope=\"itemscope\" itemtype=\"https:\/\/schema.org\/ImageObject\" ><div class=\"avia-image-container-inner\"><div class=\"avia-image-overlay-wrap\"><img decoding=\"async\" fetchpriority=\"high\" class='wp-image-13842 avia-img-lazy-loading-not-13842 avia_image ' src=\"https:\/\/balatongitar.hu\/wp-content\/uploads\/2024\/05\/2024_FOTOK_KONCERTEK_4-215x300.jpg\" alt='' title='2024_FOTOK_KONCERTEK_4'  height=\"300\" width=\"215\"  itemprop=\"thumbnailUrl\" srcset=\"https:\/\/balatongitar.hu\/wp-content\/uploads\/2024\/05\/2024_FOTOK_KONCERTEK_4-215x300.jpg 215w, https:\/\/balatongitar.hu\/wp-content\/uploads\/2024\/05\/2024_FOTOK_KONCERTEK_4-600x837.jpg 600w, https:\/\/balatongitar.hu\/wp-content\/uploads\/2024\/05\/2024_FOTOK_KONCERTEK_4-738x1030.jpg 738w, https:\/\/balatongitar.hu\/wp-content\/uploads\/2024\/05\/2024_FOTOK_KONCERTEK_4-768x1071.jpg 768w, https:\/\/balatongitar.hu\/wp-content\/uploads\/2024\/05\/2024_FOTOK_KONCERTEK_4-1101x1536.jpg 1101w, https:\/\/balatongitar.hu\/wp-content\/uploads\/2024\/05\/2024_FOTOK_KONCERTEK_4-1075x1500.jpg 1075w, https:\/\/balatongitar.hu\/wp-content\/uploads\/2024\/05\/2024_FOTOK_KONCERTEK_4-505x705.jpg 505w, https:\/\/balatongitar.hu\/wp-content\/uploads\/2024\/05\/2024_FOTOK_KONCERTEK_4-450x628.jpg 450w, https:\/\/balatongitar.hu\/wp-content\/uploads\/2024\/05\/2024_FOTOK_KONCERTEK_4.jpg 1147w\" sizes=\"(max-width: 215px) 100vw, 215px\" \/><\/div><\/div><\/div><\/div>\n<style type=\"text\/css\" data-created_by=\"avia_inline_auto\" id=\"style-css-av-d28sdd-440905dc0be2d4750a6adc0165c32fa3\">\n#top .flex_column.av-d28sdd-440905dc0be2d4750a6adc0165c32fa3{\nmargin-top:0px;\nmargin-bottom:0px;\n}\n.flex_column.av-d28sdd-440905dc0be2d4750a6adc0165c32fa3{\nborder-radius:0px 0px 0px 0px;\npadding:0px 0px 0px 0px;\n}\n.responsive #top #wrap_all .flex_column.av-d28sdd-440905dc0be2d4750a6adc0165c32fa3{\nmargin-top:0px;\nmargin-bottom:0px;\n}\n<\/style>\n<div  class='flex_column av-d28sdd-440905dc0be2d4750a6adc0165c32fa3 av_three_fourth  avia-builder-el-54  el_after_av_one_fourth  avia-builder-el-last  flex_column_div av-zero-column-padding  '     ><p>\n<style type=\"text\/css\" data-created_by=\"avia_inline_auto\" id=\"style-css-av-ax7xu9-4daa0de4daa0f8b9e7649dd858436e5d\">\n#top .av_textblock_section.av-ax7xu9-4daa0de4daa0f8b9e7649dd858436e5d .avia_textblock{\nfont-size:18px;\ncolor:#000000;\n}\n<\/style>\n<section  class='av_textblock_section av-ax7xu9-4daa0de4daa0f8b9e7649dd858436e5d '   itemscope=\"itemscope\" itemtype=\"https:\/\/schema.org\/CreativeWork\" ><div class='avia_textblock av_inherit_color'  itemprop=\"text\" ><p><strong>7:30 PM &#8211;<\/strong> <strong>CONCERT<\/strong><\/p>\n<\/div><\/section><br \/>\n<div  class='togglecontainer av-l3se5yij-8e4ca79a6c7fbbfeed769baa55a149f7  avia-builder-el-56  el_after_av_textblock  el_before_av_hr  toggle_close_all' >\n<section class='av_toggle_section av-l3se5xfs-a4ce25efc4386327fd7fe364a8270d9d'  itemscope=\"itemscope\" itemtype=\"https:\/\/schema.org\/CreativeWork\" ><div role=\"tablist\" class=\"single_toggle\" data-tags=\"{All} \"  ><p id='toggle-zoran_dukic' data-fake-id='#zoran_dukic' class='toggler  av-title-above '  itemprop=\"headline\"  role='tab' tabindex='0' aria-controls='zoran_dukic' data-slide-speed=\"200\" data-title=\"Solo performance by ZORAN DUKIC (Croatia)&lt;br&gt;guitarist\" data-title-open=\"\" data-aria_collapsed=\"Click to expand: Solo performance by ZORAN DUKIC (Croatia)&lt;br&gt;guitarist\" data-aria_expanded=\"Click to collapse: Solo performance by ZORAN DUKIC (Croatia)&lt;br&gt;guitarist\">Solo performance by ZORAN DUKIC (Croatia)&lt;br&gt;guitarist<span class=\"toggle_icon\"><span class=\"vert_icon\"><\/span><span class=\"hor_icon\"><\/span><\/span><\/p><div id='zoran_dukic' aria-labelledby='toggle-zoran_dukic' role='region' class='toggle_wrap  av-title-above'  ><div class='toggle_content invers-color '  itemprop=\"text\" ><p><img loading=\"lazy\" decoding=\"async\" class=\"size-medium wp-image-13854 aligncenter\" src=\"https:\/\/balatongitar.hu\/wp-content\/uploads\/2024\/05\/2024_FOTOK_MUVESZEK_5-215x300.jpg\" alt=\"\" width=\"215\" height=\"300\" srcset=\"https:\/\/balatongitar.hu\/wp-content\/uploads\/2024\/05\/2024_FOTOK_MUVESZEK_5-215x300.jpg 215w, https:\/\/balatongitar.hu\/wp-content\/uploads\/2024\/05\/2024_FOTOK_MUVESZEK_5-600x837.jpg 600w, https:\/\/balatongitar.hu\/wp-content\/uploads\/2024\/05\/2024_FOTOK_MUVESZEK_5-738x1030.jpg 738w, https:\/\/balatongitar.hu\/wp-content\/uploads\/2024\/05\/2024_FOTOK_MUVESZEK_5-768x1071.jpg 768w, https:\/\/balatongitar.hu\/wp-content\/uploads\/2024\/05\/2024_FOTOK_MUVESZEK_5-1101x1536.jpg 1101w, https:\/\/balatongitar.hu\/wp-content\/uploads\/2024\/05\/2024_FOTOK_MUVESZEK_5-1075x1500.jpg 1075w, https:\/\/balatongitar.hu\/wp-content\/uploads\/2024\/05\/2024_FOTOK_MUVESZEK_5-505x705.jpg 505w, https:\/\/balatongitar.hu\/wp-content\/uploads\/2024\/05\/2024_FOTOK_MUVESZEK_5-450x628.jpg 450w, https:\/\/balatongitar.hu\/wp-content\/uploads\/2024\/05\/2024_FOTOK_MUVESZEK_5.jpg 1147w\" sizes=\"auto, (max-width: 215px) 100vw, 215px\" \/><\/p>\n\n\t\t<style type=\"text\/css\">\n\t\t\t#gallery-5 {\n\t\t\t\tmargin: auto;\n\t\t\t}\n\t\t\t#gallery-5 .gallery-item {\n\t\t\t\tfloat: left;\n\t\t\t\tmargin-top: 10px;\n\t\t\t\ttext-align: center;\n\t\t\t\twidth: 33%;\n\t\t\t}\n\t\t\t#gallery-5 img {\n\t\t\t\tborder: 2px solid #cfcfcf;\n\t\t\t}\n\t\t\t#gallery-5 .gallery-caption {\n\t\t\t\tmargin-left: 0;\n\t\t\t}\n\t\t\t\/* see gallery_shortcode() in wp-includes\/media.php *\/\n\t\t<\/style>\n\t\t<div id='gallery-5' class='gallery galleryid-13863 gallery-columns-3 gallery-size-thumbnail'><dl class='gallery-item'>\n\t\t\t<dt class='gallery-icon landscape'>\n\t\t\t\t<a href=\"https:\/\/balatongitar.hu\/en\/program-2024\/02-3-2\/\"><img loading=\"lazy\" decoding=\"async\" width=\"80\" height=\"80\" src=\"https:\/\/balatongitar.hu\/wp-content\/uploads\/2024\/05\/02-80x80.jpg\" class=\"attachment-thumbnail size-thumbnail\" alt=\"\" srcset=\"https:\/\/balatongitar.hu\/wp-content\/uploads\/2024\/05\/02-80x80.jpg 80w, https:\/\/balatongitar.hu\/wp-content\/uploads\/2024\/05\/02-300x300.jpg 300w, https:\/\/balatongitar.hu\/wp-content\/uploads\/2024\/05\/02-100x100.jpg 100w, https:\/\/balatongitar.hu\/wp-content\/uploads\/2024\/05\/02-36x36.jpg 36w, https:\/\/balatongitar.hu\/wp-content\/uploads\/2024\/05\/02-180x180.jpg 180w, https:\/\/balatongitar.hu\/wp-content\/uploads\/2024\/05\/02-120x120.jpg 120w, https:\/\/balatongitar.hu\/wp-content\/uploads\/2024\/05\/02-450x450.jpg 450w\" sizes=\"auto, (max-width: 80px) 100vw, 80px\" \/><\/a>\n\t\t\t<\/dt><\/dl><dl class='gallery-item'>\n\t\t\t<dt class='gallery-icon landscape'>\n\t\t\t\t<a href=\"https:\/\/balatongitar.hu\/en\/program-2024\/05-2-2\/\"><img loading=\"lazy\" decoding=\"async\" width=\"80\" height=\"80\" src=\"https:\/\/balatongitar.hu\/wp-content\/uploads\/2024\/05\/05-80x80.jpg\" class=\"attachment-thumbnail size-thumbnail\" alt=\"\" srcset=\"https:\/\/balatongitar.hu\/wp-content\/uploads\/2024\/05\/05-80x80.jpg 80w, https:\/\/balatongitar.hu\/wp-content\/uploads\/2024\/05\/05-300x300.jpg 300w, https:\/\/balatongitar.hu\/wp-content\/uploads\/2024\/05\/05-100x100.jpg 100w, https:\/\/balatongitar.hu\/wp-content\/uploads\/2024\/05\/05-36x36.jpg 36w, https:\/\/balatongitar.hu\/wp-content\/uploads\/2024\/05\/05-180x180.jpg 180w, https:\/\/balatongitar.hu\/wp-content\/uploads\/2024\/05\/05-120x120.jpg 120w, https:\/\/balatongitar.hu\/wp-content\/uploads\/2024\/05\/05-450x450.jpg 450w\" sizes=\"auto, (max-width: 80px) 100vw, 80px\" \/><\/a>\n\t\t\t<\/dt><\/dl><dl class='gallery-item'>\n\t\t\t<dt class='gallery-icon landscape'>\n\t\t\t\t<a href=\"https:\/\/balatongitar.hu\/en\/program-2024\/08-2\/\"><img loading=\"lazy\" decoding=\"async\" width=\"80\" height=\"80\" src=\"https:\/\/balatongitar.hu\/wp-content\/uploads\/2024\/05\/08-80x80.jpg\" class=\"attachment-thumbnail size-thumbnail\" alt=\"\" srcset=\"https:\/\/balatongitar.hu\/wp-content\/uploads\/2024\/05\/08-80x80.jpg 80w, https:\/\/balatongitar.hu\/wp-content\/uploads\/2024\/05\/08-300x300.jpg 300w, https:\/\/balatongitar.hu\/wp-content\/uploads\/2024\/05\/08-100x100.jpg 100w, https:\/\/balatongitar.hu\/wp-content\/uploads\/2024\/05\/08-36x36.jpg 36w, https:\/\/balatongitar.hu\/wp-content\/uploads\/2024\/05\/08-180x180.jpg 180w, https:\/\/balatongitar.hu\/wp-content\/uploads\/2024\/05\/08-120x120.jpg 120w, https:\/\/balatongitar.hu\/wp-content\/uploads\/2024\/05\/08-450x450.jpg 450w\" sizes=\"auto, (max-width: 80px) 100vw, 80px\" \/><\/a>\n\t\t\t<\/dt><\/dl><br style=\"clear: both\" \/>\n\t\t<\/div>\n\n<p><strong>Zoran Dukic<\/strong> (1969, Zagreb) was presented with a guitar at the early age of six. Today he is one of the most distinguished classical guitarists of our time. His concert performances, both as a soloist or with an orchestra, leave long-lasting impressions on audiences and critics alike. He performed in the most prestigious concert halls worldwide, such as Palau de la Musica in Barcelona, Carnegie Hall in New York, Concert Gebouw in Amsterdam or Tchaikovsky Hall in Moscow.<\/p>\n<p><em>&#8220;&#8230; after two minutes the audience was breathless,&#8230; the string genius from Zagreb showed both technical brilliance and tenderness,&#8230; with the artistic potential and expressive power of life itself,&#8230; This is a musician not a guitarist.&#8221; K\u00d6LNISCHE RUNDSCHAU, Germany<\/em><\/p>\n<p><em>\u201cThe Zoran Dukic concert in Miami on June 21st 2019 was a complete and utter triumph\u201d CLASSICAL GUITAR MAGAZINE, USA<\/em><\/p>\n<p>In his &#8220;tour de force&#8221; competition years (1990-1997) he has won an astonishing number of competitions. He is the only guitarist to have won both &#8220;Andr\u00e9s Segovia&#8221; competitions, in Granada and in Palma de Mallorca as well as competitions dedicated to &#8220;F. Sor&#8221;, &#8220;M. Ponce&#8221;, &#8220;M. de Falla&#8221;, &#8220;F. T\u00e1rrega&#8221; among many others. This in addition to his unique expressiveness and poetry on the guitar launched his worldwide career. <\/p>\n<p><em>&#8220;A thrilling concert&#8230; the audience was on its feet already after the first piece&#8230; a phenomenal evening&#8221; GEVELSBERGER ZEITUNG, Germany<\/em><\/p>\n<p><em>&#8220;&#8230;what a power for captivating the attention of the audience!&#8221; VIOL\u00c3O INTERCAMBIO, Brazil<\/em><\/p>\n<p>His performances throughout the 5 continents have inspired numerous composers to dedicate their works to him. His premiers of new music are strengthened by his admiration of contemporary musical expression. He has also toured with entire Bach programs, performing complete cycles of lute, violin or cello suites. Music by J. S. Bach is still the focal point of his musical life.<\/p>\n<p><em>&#8221; What a height of interpretative capacity&#8230; His concept of baroque style bears a stamp of authenticity&#8230;petrifying security&#8230;&#8221; EL CORREO DE ANDALUCIA, Spain<\/em><\/p>\n<p><em>&#8220;a true artist, a musician whose dimension goes beyond superlative dominion of the instrument&#8230;He almost caused a state of delirium through the level of his virtuosity and volcanic fantasy&#8221; CANARIAS 7, Spain<\/em><\/p>\n<p><em>&#8220;&#8230;Master of the instrument, shining in virtuoso moments as well as in the intimate ones. The sonority he creates from his guitar is as admirable as his palette of expression and elegance.&#8221;<br \/>\nEL NORTE, Mexico<\/em><\/p>\n<p>Being exceptionally enthusiastic and dedicated to teaching, his pedagogical activities are equally impressive. He is a professor at the Royal Conservatoire of Music in The Hague since 1997 and has one of the most successful classes in Europe. Being a very active chamber music performer he is a founding member of the \u201cEuropean Guitar Quartet\u201d, \u201cCroatian Guitar Quartet\u201d and duo with Aniello Desiderio. He is a D\u2019Addario artist since 2011.<br \/>\nHe has recorded compact discs and DVDs for labels in Germany, Spain, Belgium, Brazil, Netherlands, Croatia and Canada. <\/p>\n<p><em>&#8220;A musician with vigour and power reserved only for the great&#8230;his way of vibrato on certain notes goes straight to your heart&#8230;his sonority, inspiration and lyricism can move mountains&#8230;Llobet, Segovia, Presti are back!&#8221; CAHIERS DE LA GUITARE, France<\/em><\/p>\n<p><em>&#8220;&#8230;Dukic is, without exaggeration, one of the best guitarists of today and one of the greatest musicians Croatia has ever had&#8230; Breathless virtuosity, fascinating levels of dynamics, astounding beauty and clarity of tone and unbelievable concentration and focus as he dives into the depths of the spirit of the music, bringing back to us its metaphysical dimension disguised and cloaked in sound.&#8221; ZAREZ, Croatia<\/em><\/p>\n<\/div><\/div><\/div><\/section>\n<section class='av_toggle_section av-9oo2n5-00a2ccf42182774deb7a6f3638a48ee2'  itemscope=\"itemscope\" itemtype=\"https:\/\/schema.org\/CreativeWork\" ><div role=\"tablist\" class=\"single_toggle\" data-tags=\"{All} \"  ><p id='toggle-toggle-id-3' data-fake-id='#toggle-id-3' class='toggler  av-title-above '  itemprop=\"headline\"  role='tab' tabindex='0' aria-controls='toggle-id-3' data-slide-speed=\"200\" data-title=\"PROGRAM\" data-title-open=\"\" data-aria_collapsed=\"Click to expand: PROGRAM\" data-aria_expanded=\"Click to collapse: PROGRAM\">PROGRAM<span class=\"toggle_icon\"><span class=\"vert_icon\"><\/span><span class=\"hor_icon\"><\/span><\/span><\/p><div id='toggle-id-3' aria-labelledby='toggle-toggle-id-3' role='region' class='toggle_wrap  av-title-above'  ><div class='toggle_content invers-color '  itemprop=\"text\" ><p>BALATONF\u00dcRED INTERNATIONAL GUITAR FESTIVAL &#8211; EVENING GUITAR CONCERTS AT THE VASZARY GALLERY<\/p>\n<p><strong>ZORAN DUKIC<br \/>\n<\/strong>(Croatia) guitarist<\/p>\n<p><strong>PROGRAM<\/strong><\/p>\n<p><strong>27th June, 2024 7:30 PM<\/strong><\/p>\n<p>Venue: Vaszary Gal\u00e9ria, Balatonf\u00fcred, Honv\u00e9d u. 2-4.<\/p>\n<p>On the air:<\/p>\n<p><strong>Johann Sebastian Bach:<\/strong> Siciliana BWV 1001<\/p>\n<p><strong>Astor Piazzolla:<\/strong> Invierno Porte\u00f1o<\/p>\n<p><strong>Johann Sebastian Bach:<\/strong> Andante BWV 1003<\/p>\n<p><strong>Astor Piazzolla:<\/strong> Adios Nonino<\/p>\n<p><strong>Johann Sebastian Bach:<\/strong> Largo BWV 1005<\/p>\n<p><strong>Astor Piazzolla:<\/strong> Muerte de Angel<\/p>\n<p><strong>Johann Sebastian Bach:<\/strong> Sarabanda BWV 1004<\/p>\n<p><em>Intermission<\/em><\/p>\n<p><strong>Sylvius Leopold Weiss:<\/strong> Tombeau sur le Mort de Comte D\u2019Logy<\/p>\n<p><strong>Manuel de Falla Homenaje:<\/strong> Canci\u00f3n del Fuego Fatuo<\/p>\n<p><strong>Augustin Barrios:<\/strong> Choro da Saudade, Caazap\u00e1<\/p>\n<p><strong>Astor Piazzolla:<\/strong> Oblivion (arr. R.Dyens)<\/p>\n<p><strong>Duke Ellington:<\/strong> Melancholia<\/p>\n\n<\/div><\/div><\/div><\/section>\n<\/div><br \/>\n\n<style type=\"text\/css\" data-created_by=\"avia_inline_auto\" id=\"style-css-av-7j2ndd-c165faeb925aa6cf0ba19d74a8bd2d8c\">\n#top .hr.hr-invisible.av-7j2ndd-c165faeb925aa6cf0ba19d74a8bd2d8c{\nheight:25px;\n}\n<\/style>\n<div  class='hr av-7j2ndd-c165faeb925aa6cf0ba19d74a8bd2d8c hr-invisible  avia-builder-el-57  el_after_av_toggle_container  el_before_av_textblock '><span class='hr-inner '><span class=\"hr-inner-style\"><\/span><\/span><\/div><br \/>\n<section  class='av_textblock_section av-s4i1it-290a1bc0a357b10f2de066c149259e82 '   itemscope=\"itemscope\" itemtype=\"https:\/\/schema.org\/CreativeWork\" ><div class='avia_textblock'  itemprop=\"text\" ><p><strong>Venue:<\/strong> Vaszary Gal\u00e9ria, Balatonf\u00fcred, Honv\u00e9d u. 2-4.<\/p>\n<\/div><\/section><br \/>\n<section  class='av_textblock_section av-lx239xwx-11b89982b568eec351882cd1a99c60d1 '   itemscope=\"itemscope\" itemtype=\"https:\/\/schema.org\/CreativeWork\" ><div class='avia_textblock'  itemprop=\"text\" ><p><strong>Book your ticket for the concert by clicking <span style=\"text-decoration: underline;\"><a href=\"https:\/\/balatongitar.hu\/en\/berlet-jegy\/tickets-for-the-zoran-dukic-concert-on-29-june\/\">on the link!<\/a><\/span><\/strong><\/p>\n<\/div><\/section><\/p><\/div>\n<\/p>\n<\/div><\/div><\/div><!-- close content main div --><\/div><\/div><div id='av_section_6'  class='avia-section av-gize9-63e2c958168369036108fc7084e538a3 main_color avia-section-small avia-no-border-styling  avia-builder-el-60  el_after_av_section  el_before_av_section  avia-bg-style-scroll container_wrap fullsize'  ><div class='container av-section-cont-open' ><div class='template-page content  av-content-full alpha units'><div class='post-entry post-entry-type-page post-entry-13863'><div class='entry-content-wrapper clearfix'>\n\n<style type=\"text\/css\" data-created_by=\"avia_inline_auto\" id=\"style-css-av-2t9e7l-33d7a3d6712e49ec8ace37e04377d364\">\n.flex_column.av-2t9e7l-33d7a3d6712e49ec8ace37e04377d364{\nborder-radius:0px 0px 0px 0px;\npadding:0px 0px 0px 0px;\n}\n<\/style>\n<div  class='flex_column av-2t9e7l-33d7a3d6712e49ec8ace37e04377d364 av_one_full  avia-builder-el-61  avia-builder-el-no-sibling  first flex_column_div av-zero-column-padding  '     ><style type=\"text\/css\" data-created_by=\"avia_inline_auto\" id=\"style-css-av-l3sef6z6-73758db3b4268104269804fb49553310\">\n#top .av-special-heading.av-l3sef6z6-73758db3b4268104269804fb49553310{\npadding-bottom:10px;\n}\nbody .av-special-heading.av-l3sef6z6-73758db3b4268104269804fb49553310 .av-special-heading-tag .heading-char{\nfont-size:25px;\n}\n.av-special-heading.av-l3sef6z6-73758db3b4268104269804fb49553310 .av-subheading{\nfont-size:15px;\n}\n<\/style>\n<div  class='av-special-heading av-l3sef6z6-73758db3b4268104269804fb49553310 av-special-heading-h3 blockquote modern-quote modern-centered  avia-builder-el-62  avia-builder-el-no-sibling '><h3 class='av-special-heading-tag '  itemprop=\"headline\"  >We reserve the right to change the programme!<\/h3><div class=\"special-heading-border\"><div class=\"special-heading-inner-border\"><\/div><\/div><\/div><\/div>\n\n<\/div><\/div><\/div><!-- close content main div --><\/div><\/div><div id='av_section_7'  class='avia-section av-aivtld-3ef92421c12dc91bca7662fc95a0f132 main_color avia-section-small avia-no-border-styling  avia-builder-el-63  el_after_av_section  avia-builder-el-last  avia-bg-style-scroll container_wrap fullsize'  ><div class='container av-section-cont-open' ><div class='template-page content  av-content-full alpha units'><div class='post-entry post-entry-type-page post-entry-13863'><div class='entry-content-wrapper clearfix'>\n\n<style type=\"text\/css\" data-created_by=\"avia_inline_auto\" id=\"style-css-av-vjbk1-f372a647a27659c72740e6b4cb776ba9\">\n.flex_column.av-vjbk1-f372a647a27659c72740e6b4cb776ba9{\nborder-radius:0px 0px 0px 0px;\npadding:0px 0px 0px 0px;\n}\n<\/style>\n<div  class='flex_column av-vjbk1-f372a647a27659c72740e6b4cb776ba9 av_one_full  avia-builder-el-64  avia-builder-el-no-sibling  first flex_column_div av-zero-column-padding  '     ><div  class='avia-logo-element-container av-li79igrj-1828e240bd754bc3e2ca5a175316ae00 av-border-deactivate avia-logo-slider avia-content-slider avia-smallarrow-slider avia-content-slider-active noHover avia-content-slider-even  avia-builder-el-65  avia-builder-el-no-sibling  av-slideshow-ui av-control-hidden av-nav-arrows-visible av-nav-dots-visible av-no-slider-navigation av-hide-nav-arrows av-slideshow-autoplay av-loop-endless av-loop-manual-endless avia-content-slider1' data-slideshow-options=\"{&quot;animation&quot;:&quot;fade&quot;,&quot;autoplay&quot;:true,&quot;loop_autoplay&quot;:&quot;endless&quot;,&quot;interval&quot;:3,&quot;loop_manual&quot;:&quot;manual-endless&quot;,&quot;autoplay_stopper&quot;:false,&quot;noNavigation&quot;:true,&quot;bg_slider&quot;:false,&quot;keep_padding&quot;:&quot;&quot;,&quot;hoverpause&quot;:false,&quot;show_slide_delay&quot;:0}\"><div class='avia-smallarrow-slider-heading  no-logo-slider-heading '><\/div><div class=\"avia-content-slider-inner\"><div class=\"slide-entry-wrap\"><div  class='slide-entry av-1zf90et-0cf9a9a5239954070c316ad2b4c17cbd flex_column no_margin av_one_fourth real-thumbnail post-entry slide-entry-overview slide-loop-1 slide-parity-odd  first'><img decoding=\"async\" fetchpriority=\"high\" width=\"800\" height=\"400\" src=\"https:\/\/balatongitar.hu\/wp-content\/uploads\/2022\/06\/bf-onk800x400.png\" class=\"wp-image-13020 avia-img-lazy-loading-not-13020 attachment-no scaling size-no scaling\" alt=\"\" srcset=\"https:\/\/balatongitar.hu\/wp-content\/uploads\/2022\/06\/bf-onk800x400.png 800w, https:\/\/balatongitar.hu\/wp-content\/uploads\/2022\/06\/bf-onk800x400-600x300.png 600w, https:\/\/balatongitar.hu\/wp-content\/uploads\/2022\/06\/bf-onk800x400-300x150.png 300w, https:\/\/balatongitar.hu\/wp-content\/uploads\/2022\/06\/bf-onk800x400-768x384.png 768w, https:\/\/balatongitar.hu\/wp-content\/uploads\/2022\/06\/bf-onk800x400-705x353.png 705w\" sizes=\"(max-width: 800px) 100vw, 800px\" \/><\/div><div  class='slide-entry av-1klurjp-a8690203e502ac7347c5ada8660befa4 flex_column no_margin av_one_fourth real-thumbnail post-entry slide-entry-overview slide-loop-2 slide-parity-even  '><img decoding=\"async\" fetchpriority=\"high\" width=\"800\" height=\"400\" src=\"https:\/\/balatongitar.hu\/wp-content\/uploads\/2023\/05\/Duna_aszfalt_2_800x400.png\" class=\"wp-image-13440 avia-img-lazy-loading-not-13440 attachment-no scaling size-no scaling\" alt=\"\" srcset=\"https:\/\/balatongitar.hu\/wp-content\/uploads\/2023\/05\/Duna_aszfalt_2_800x400.png 800w, https:\/\/balatongitar.hu\/wp-content\/uploads\/2023\/05\/Duna_aszfalt_2_800x400-600x300.png 600w, https:\/\/balatongitar.hu\/wp-content\/uploads\/2023\/05\/Duna_aszfalt_2_800x400-300x150.png 300w, https:\/\/balatongitar.hu\/wp-content\/uploads\/2023\/05\/Duna_aszfalt_2_800x400-768x384.png 768w, https:\/\/balatongitar.hu\/wp-content\/uploads\/2023\/05\/Duna_aszfalt_2_800x400-705x353.png 705w, https:\/\/balatongitar.hu\/wp-content\/uploads\/2023\/05\/Duna_aszfalt_2_800x400-450x225.png 450w\" sizes=\"(max-width: 800px) 100vw, 800px\" \/><\/div><div  class='slide-entry av-156fhat-dc4c2c9e0448607a88e668d6803c37cc flex_column no_margin av_one_fourth real-thumbnail post-entry slide-entry-overview slide-loop-3 slide-parity-odd  '><img decoding=\"async\" fetchpriority=\"high\" width=\"800\" height=\"400\" src=\"https:\/\/balatongitar.hu\/wp-content\/uploads\/2022\/06\/06_EOTVOS_BIG_tamogatok_6.png\" class=\"wp-image-12999 avia-img-lazy-loading-not-12999 attachment-no scaling size-no scaling\" alt=\"\" srcset=\"https:\/\/balatongitar.hu\/wp-content\/uploads\/2022\/06\/06_EOTVOS_BIG_tamogatok_6.png 800w, https:\/\/balatongitar.hu\/wp-content\/uploads\/2022\/06\/06_EOTVOS_BIG_tamogatok_6-600x300.png 600w, https:\/\/balatongitar.hu\/wp-content\/uploads\/2022\/06\/06_EOTVOS_BIG_tamogatok_6-300x150.png 300w, https:\/\/balatongitar.hu\/wp-content\/uploads\/2022\/06\/06_EOTVOS_BIG_tamogatok_6-768x384.png 768w, https:\/\/balatongitar.hu\/wp-content\/uploads\/2022\/06\/06_EOTVOS_BIG_tamogatok_6-705x353.png 705w\" sizes=\"(max-width: 800px) 100vw, 800px\" \/><\/div><div  class='slide-entry av-nqsbdh-c900260682311b09fb113a5a25cee073 flex_column no_margin av_one_fourth real-thumbnail post-entry slide-entry-overview slide-loop-4 slide-parity-even post-entry-last '><img decoding=\"async\" fetchpriority=\"high\" width=\"800\" height=\"400\" src=\"https:\/\/balatongitar.hu\/wp-content\/uploads\/2022\/06\/11_77ELEKTR_BIG_tamogatok_11.png\" class=\"wp-image-12988 avia-img-lazy-loading-not-12988 attachment-no scaling size-no scaling\" alt=\"\" srcset=\"https:\/\/balatongitar.hu\/wp-content\/uploads\/2022\/06\/11_77ELEKTR_BIG_tamogatok_11.png 800w, https:\/\/balatongitar.hu\/wp-content\/uploads\/2022\/06\/11_77ELEKTR_BIG_tamogatok_11-600x300.png 600w, https:\/\/balatongitar.hu\/wp-content\/uploads\/2022\/06\/11_77ELEKTR_BIG_tamogatok_11-300x150.png 300w, https:\/\/balatongitar.hu\/wp-content\/uploads\/2022\/06\/11_77ELEKTR_BIG_tamogatok_11-768x384.png 768w, https:\/\/balatongitar.hu\/wp-content\/uploads\/2022\/06\/11_77ELEKTR_BIG_tamogatok_11-705x353.png 705w\" sizes=\"(max-width: 800px) 100vw, 800px\" \/><\/div><\/div><\/div><\/div><\/div>\n\n","protected":false},"excerpt":{"rendered":"","protected":false},"author":3,"featured_media":0,"parent":0,"menu_order":0,"comment_status":"closed","ping_status":"closed","template":"","meta":{"footnotes":""},"class_list":["post-13863","page","type-page","status-publish","hentry"],"_links":{"self":[{"href":"https:\/\/balatongitar.hu\/en\/wp-json\/wp\/v2\/pages\/13863","targetHints":{"allow":["GET"]}}],"collection":[{"href":"https:\/\/balatongitar.hu\/en\/wp-json\/wp\/v2\/pages"}],"about":[{"href":"https:\/\/balatongitar.hu\/en\/wp-json\/wp\/v2\/types\/page"}],"author":[{"embeddable":true,"href":"https:\/\/balatongitar.hu\/en\/wp-json\/wp\/v2\/users\/3"}],"replies":[{"embeddable":true,"href":"https:\/\/balatongitar.hu\/en\/wp-json\/wp\/v2\/comments?post=13863"}],"version-history":[{"count":0,"href":"https:\/\/balatongitar.hu\/en\/wp-json\/wp\/v2\/pages\/13863\/revisions"}],"wp:attachment":[{"href":"https:\/\/balatongitar.hu\/en\/wp-json\/wp\/v2\/media?parent=13863"}],"curies":[{"name":"wp","href":"https:\/\/api.w.org\/{rel}","templated":true}]}}